{"id":67,"date":"2012-02-29T11:18:03","date_gmt":"2012-02-29T10:18:03","guid":{"rendered":"http:\/\/www.becker-gastro.de\/"},"modified":"2026-03-30T09:48:59","modified_gmt":"2026-03-30T07:48:59","slug":"referenzen","status":"publish","type":"page","link":"https:\/\/becker-gastro.de\/UB\/ueber-uns\/referenzen\/","title":{"rendered":"Immobilienvermittlungsreferenzen"},"content":{"rendered":"<h3>\u00a0<\/h3>\n<table style=\"height: 22009px;\" width=\"994\" cellspacing=\"5\">\n<tbody>\n<tr>\n<td>\n<p><img decoding=\"async\" loading=\"lazy\" class=\"wp-image-5580 alignleft\" src=\"https:\/\/becker-gastro.de\/UB\/wp-content\/uploads\/2021\/09\/BGUBFB432USKL.jpg\" alt=\"\" width=\"221\" height=\"332\" srcset=\"https:\/\/becker-gastro.de\/UB\/wp-content\/uploads\/2021\/09\/BGUBFB432USKL.jpg 400w, https:\/\/becker-gastro.de\/UB\/wp-content\/uploads\/2021\/09\/BGUBFB432USKL-200x300.jpg 200w, https:\/\/becker-gastro.de\/UB\/wp-content\/uploads\/2021\/09\/BGUBFB432USKL-157x235.jpg 157w\" sizes=\"(max-width: 221px) 100vw, 221px\" \/><\/p>\n<\/td>\n<td valign=\"TOP\">\u00a0<\/td>\n<\/tr>\n<tr>\n<td>\n<h3>Verpachtet\/Verkauft bis: <span style=\"color: #993366;\"><strong>April <\/strong><\/span><strong>20<span style=\"color: #993366;\">26<\/span><\/strong><\/h3>\n<\/td>\n<td valign=\"TOP\">\n<h4>\u00a0<\/h4>\n<\/td>\n<\/tr>\n<tr>\n<td>\n<p><img decoding=\"async\" loading=\"lazy\" class=\"size-full wp-image-6123\" src=\"https:\/\/becker-gastro.de\/UB\/wp-content\/uploads\/2025\/08\/BGUBRChpol.jpg\" alt=\"\" width=\"300\" height=\"200\" srcset=\"https:\/\/becker-gastro.de\/UB\/wp-content\/uploads\/2025\/08\/BGUBRChpol.jpg 300w, https:\/\/becker-gastro.de\/UB\/wp-content\/uploads\/2025\/08\/BGUBRChpol-250x166.jpg 250w\" sizes=\"(max-width: 300px) 100vw, 300px\" \/><\/p>\n<\/td>\n<td valign=\"TOP\">\n<h4><span style=\"color: #ff6600;\"><strong>Verkauft: <\/strong><\/span><\/h4>\n<h4><strong><span style=\"color: #052a80;\">6 Zimmer:<\/span> Pension &amp; Risto.<br \/><\/strong><\/h4>\n<h4><strong>&#8220;Pizzeria Cavallino&#8221; <\/strong><\/h4>\n<h4><strong>(540 m\u00b2)<\/strong><\/h4>\n<h4><strong>in Urphar <\/strong><\/h4>\n<h4><strong>in <\/strong><strong>Baden-W\u00fcrttemberg<\/strong><\/h4>\n<\/td>\n<\/tr>\n<tr>\n<td>\n<p><img decoding=\"async\" loading=\"lazy\" class=\"wp-image-6093 size-full\" src=\"https:\/\/becker-gastro.de\/UB\/wp-content\/uploads\/2025\/07\/1HEHEolREF765.jpg\" alt=\"\" width=\"300\" height=\"200\" srcset=\"https:\/\/becker-gastro.de\/UB\/wp-content\/uploads\/2025\/07\/1HEHEolREF765.jpg 300w, https:\/\/becker-gastro.de\/UB\/wp-content\/uploads\/2025\/07\/1HEHEolREF765-250x166.jpg 250w\" sizes=\"(max-width: 300px) 100vw, 300px\" \/><\/p>\n<\/td>\n<td valign=\"TOP\">\n<h4><span style=\"color: #ff6600;\"><strong>Verpachtet: <\/strong><\/span><\/h4>\n<h4><strong><span style=\"color: #052a80;\">10 Zimmer:<\/span> Hotel &amp; Rest.<br \/><\/strong><\/h4>\n<h4><strong>&#8220;Hotel Eisenbahn&#8221; <\/strong><\/h4>\n<h4><strong>(700 m\u00b2)<\/strong><\/h4>\n<h4><strong>in Karlstadt <\/strong><\/h4>\n<h4><strong>in <\/strong><strong>Bayern<\/strong><\/h4>\n<\/td>\n<\/tr>\n<tr>\n<td><img decoding=\"async\" loading=\"lazy\" class=\"alignnone wp-image-6094 size-full\" src=\"https:\/\/becker-gastro.de\/UB\/wp-content\/uploads\/2025\/07\/0MUMB_Ref.jpg\" alt=\"\" width=\"300\" height=\"200\" srcset=\"https:\/\/becker-gastro.de\/UB\/wp-content\/uploads\/2025\/07\/0MUMB_Ref.jpg 300w, https:\/\/becker-gastro.de\/UB\/wp-content\/uploads\/2025\/07\/0MUMB_Ref-250x166.jpg 250w\" sizes=\"(max-width: 300px) 100vw, 300px\" \/><\/td>\n<td valign=\"TOP\">\n<h4><span style=\"color: #ff6600;\"><strong>Verkauft: <\/strong><\/span><\/h4>\n<h4><strong>Gewerbe mgl.<br \/><\/strong><\/h4>\n<h4><strong>&#8220;Haus Nutzung&#8221; <\/strong><\/h4>\n<h4><strong>(630 m\u00b2)<\/strong><\/h4>\n<h4><strong>in Bottrop <\/strong><\/h4>\n<h4><strong>in\u00a0<\/strong><strong>Nordrhein-Westfalen<\/strong><\/h4>\n<\/td>\n<\/tr>\n<tr>\n<td><img decoding=\"async\" loading=\"lazy\" class=\"alignnone size-full wp-image-6023\" src=\"https:\/\/becker-gastro.de\/UB\/wp-content\/uploads\/2024\/03\/AHZK_olRF_481.jpg\" alt=\"\" width=\"300\" height=\"200\" srcset=\"https:\/\/becker-gastro.de\/UB\/wp-content\/uploads\/2024\/03\/AHZK_olRF_481.jpg 300w, https:\/\/becker-gastro.de\/UB\/wp-content\/uploads\/2024\/03\/AHZK_olRF_481-250x166.jpg 250w\" sizes=\"(max-width: 300px) 100vw, 300px\" \/><\/td>\n<td valign=\"TOP\">\n<h4><span style=\"color: #ff6600;\"><strong>Verpachtkauft: <\/strong><\/span><\/h4>\n<h4><strong><span style=\"color: #052a80;\">37 Zimmer:<\/span> Hotel &amp; Rest.<br \/><\/strong><\/h4>\n<h4><strong>&#8220;Hotel zum Kirschbaum&#8221; <\/strong><\/h4>\n<h4><strong>(2300 m\u00b2)<\/strong><\/h4>\n<h4><strong>in W\u00fcrzburg <\/strong><\/h4>\n<h4><strong>in <\/strong><strong>Bayern<\/strong><\/h4>\n<\/td>\n<\/tr>\n<tr>\n<td><img decoding=\"async\" loading=\"lazy\" class=\"size-full wp-image-5749\" src=\"https:\/\/becker-gastro.de\/UB\/wp-content\/uploads\/2023\/06\/HHAS_olRF_361.jpg\" alt=\"\" width=\"300\" height=\"200\" srcset=\"https:\/\/becker-gastro.de\/UB\/wp-content\/uploads\/2023\/06\/HHAS_olRF_361.jpg 300w, https:\/\/becker-gastro.de\/UB\/wp-content\/uploads\/2023\/06\/HHAS_olRF_361-250x166.jpg 250w\" sizes=\"(max-width: 300px) 100vw, 300px\" \/><\/td>\n<td valign=\"TOP\">\n<h4><span style=\"color: #ff6600;\"><strong>Verpachtkauft: <\/strong><\/span><\/h4>\n<h4><strong><span style=\"color: #052a80;\">32 Zimmer:<\/span> Hotel &amp; Rest.<br \/><\/strong><\/h4>\n<h4><strong>&#8220;Hotel am See&#8221; <\/strong><\/h4>\n<h4><strong>(700 m\u00b2)<\/strong><\/h4>\n<h4><strong>in Bad Salzuflen <\/strong><\/h4>\n<h4><strong>in <\/strong><strong>Nordrhein-Westfalen<\/strong><\/h4>\n<\/td>\n<\/tr>\n<tr>\n<td><img decoding=\"async\" loading=\"lazy\" class=\"alignnone size-full wp-image-5730\" src=\"https:\/\/becker-gastro.de\/UB\/wp-content\/uploads\/2023\/03\/JHNRef678.jpg\" alt=\"\" width=\"300\" height=\"200\" srcset=\"https:\/\/becker-gastro.de\/UB\/wp-content\/uploads\/2023\/03\/JHNRef678.jpg 300w, https:\/\/becker-gastro.de\/UB\/wp-content\/uploads\/2023\/03\/JHNRef678-250x166.jpg 250w\" sizes=\"(max-width: 300px) 100vw, 300px\" \/><\/td>\n<td valign=\"TOP\">\n<h4><span style=\"color: #ff6600;\"><strong>Verkauft: <\/strong><\/span><\/h4>\n<h4><strong><span style=\"color: #052a80;\">42 Zimmer:<\/span> Hotel<br \/><\/strong><\/h4>\n<h4><strong>&#8220;Jugend-Hotel N\u00fcrmberg&#8221; <\/strong><\/h4>\n<h4><strong>(<\/strong><strong>Denkmal \/ <\/strong><strong>7000 m\u00b2)<\/strong><\/h4>\n<h4><strong>in N\u00fcrnberg <\/strong><\/h4>\n<h4><strong>in Bayern<\/strong><\/h4>\n<\/td>\n<\/tr>\n<tr>\n<td><img decoding=\"async\" loading=\"lazy\" class=\" wp-image-5721\" src=\"https:\/\/becker-gastro.de\/UB\/wp-content\/uploads\/2022\/12\/17GBAM_refol563.jpg\" alt=\"\" width=\"301\" height=\"200\" srcset=\"https:\/\/becker-gastro.de\/UB\/wp-content\/uploads\/2022\/12\/17GBAM_refol563.jpg 300w, https:\/\/becker-gastro.de\/UB\/wp-content\/uploads\/2022\/12\/17GBAM_refol563-250x166.jpg 250w\" sizes=\"(max-width: 301px) 100vw, 301px\" \/><\/td>\n<td valign=\"TOP\">\n<h4><span style=\"color: #ff6600;\"><strong>Verpachtet: <\/strong><\/span><\/h4>\n<h4><strong>Caf\u00e9 &amp; Restaurant<br \/><\/strong><\/h4>\n<h4><strong>&#8220;Bernhard\u00b4s Caf\u00e9&#8221; <\/strong><\/h4>\n<h4><strong>(<\/strong><strong>Denkmal \/ <\/strong><strong>456 m\u00b2)<\/strong><\/h4>\n<h4><strong>in Stadthagen <\/strong><\/h4>\n<h4><strong>in Niedersachsen<\/strong><\/h4>\n<\/td>\n<\/tr>\n<tr>\n<td><img decoding=\"async\" loading=\"lazy\" class=\"alignnone size-full wp-image-5655\" src=\"https:\/\/becker-gastro.de\/UB\/wp-content\/uploads\/2021\/12\/1KLZKoIRef21.jpg\" alt=\"\" width=\"300\" height=\"200\" srcset=\"https:\/\/becker-gastro.de\/UB\/wp-content\/uploads\/2021\/12\/1KLZKoIRef21.jpg 300w, https:\/\/becker-gastro.de\/UB\/wp-content\/uploads\/2021\/12\/1KLZKoIRef21-250x166.jpg 250w\" sizes=\"(max-width: 300px) 100vw, 300px\" \/><\/td>\n<td valign=\"TOP\">\n<h4><span style=\"color: #ff6600;\"><strong>Verkauft: <\/strong><\/span><\/h4>\n<h4><span style=\"color: #052a80;\"><strong>12 Zimmer:<\/strong><\/span> <strong>Landgasthof<\/strong><\/h4>\n<h4><strong>&#8220;Karl &#8211; zur Krone&#8221; <\/strong><\/h4>\n<h4><strong>(1439 m\u00b2)<\/strong><\/h4>\n<h4><strong>in Eslarn <\/strong><\/h4>\n<h4><strong>in Bayern<\/strong><\/h4>\n<\/td>\n<\/tr>\n<tr>\n<td><img decoding=\"async\" loading=\"lazy\" class=\"alignnone size-full wp-image-5499\" src=\"https:\/\/becker-gastro.de\/UB\/wp-content\/uploads\/2021\/09\/BKHWref411.jpg\" alt=\"\" width=\"300\" height=\"200\" srcset=\"https:\/\/becker-gastro.de\/UB\/wp-content\/uploads\/2021\/09\/BKHWref411.jpg 300w, https:\/\/becker-gastro.de\/UB\/wp-content\/uploads\/2021\/09\/BKHWref411-250x166.jpg 250w\" sizes=\"(max-width: 300px) 100vw, 300px\" \/><\/td>\n<td valign=\"TOP\">\n<h4><span style=\"color: #ff6600;\"><strong>Verkauft: <\/strong><\/span><\/h4>\n<h4><span style=\"color: #052a80;\"><strong>21 Zimmer:<\/strong> <\/span><strong>Hotel &amp; Rest.<\/strong><\/h4>\n<h4><strong>&#8220;Hotel Wilhelmsbad&#8221; <\/strong><\/h4>\n<h4><strong>(3991 m\u00b2)<\/strong><\/h4>\n<h4><strong>in Seesen <\/strong><\/h4>\n<h4><strong>in Niedersachen<\/strong><\/h4>\n<\/td>\n<\/tr>\n<tr>\n<td><img decoding=\"async\" loading=\"lazy\" class=\"size-full wp-image-5374\" src=\"https:\/\/becker-gastro.de\/UB\/wp-content\/uploads\/2021\/07\/5MESEolRef263.jpg\" alt=\"\" width=\"300\" height=\"200\" srcset=\"https:\/\/becker-gastro.de\/UB\/wp-content\/uploads\/2021\/07\/5MESEolRef263.jpg 300w, https:\/\/becker-gastro.de\/UB\/wp-content\/uploads\/2021\/07\/5MESEolRef263-250x166.jpg 250w\" sizes=\"(max-width: 300px) 100vw, 300px\" \/><\/td>\n<td valign=\"TOP\">\n<h4><span style=\"color: #ff6600;\"><strong>Verkauft:<\/strong><\/span><\/h4>\n<h4><span style=\"color: #052a80;\"><strong>29 Zimmer:<\/strong><\/span> <strong>Hotel &amp; Rest.<\/strong><\/h4>\n<h4><strong>&#8220;Seeblick&#8221; <\/strong><\/h4>\n<h4><strong>(3699 m\u00b2)<\/strong><\/h4>\n<h4><strong>in Hasel\u00fcnne <\/strong><\/h4>\n<h4><strong>in Niedersachen<\/strong><\/h4>\n<\/td>\n<\/tr>\n<tr>\n<td><img decoding=\"async\" loading=\"lazy\" class=\"alignleft size-full wp-image-4437\" src=\"https:\/\/becker-gastro.de\/UB\/wp-content\/uploads\/2012\/02\/MEOBolref689.jpg\" alt=\"MEOBolref689\" width=\"323\" height=\"215\" \/><\/td>\n<td valign=\"TOP\">\n<h4><span style=\"color: #ff6600;\"><strong>Verkauft:<\/strong><\/span><\/h4>\n<h4><strong><span style=\"color: #000080;\">17 Zimmer:<\/span> <span style=\"color: #000000;\">Hotel Garni <\/span><\/strong><\/h4>\n<h4><strong>&#8220;Hotel Ohrberg&#8221; <\/strong><\/h4>\n<h4><strong>(1990 m\u00b2 \/ BJ 1961) <\/strong><\/h4>\n<h4><strong>in Hameln <\/strong><\/h4>\n<h4><strong>in Niedersachsen<\/strong><\/h4>\n<\/td>\n<\/tr>\n<tr>\n<td><img decoding=\"async\" loading=\"lazy\" class=\"alignleft size-full wp-image-4398\" src=\"https:\/\/becker-gastro.de\/UB\/wp-content\/uploads\/2012\/02\/1KRRSrefol683.jpg\" alt=\"\" width=\"324\" height=\"216\" \/><\/td>\n<td>\n<h4><span style=\"color: #ff6600;\"><strong>Verpachtkauft:<\/strong><\/span><\/h4>\n<h4><span style=\"color: #000080;\"><strong>25 Zimmer:<\/strong><\/span> <span style=\"color: #000000;\"><strong>Hotel &amp; Rest.<\/strong><\/span><\/h4>\n<h4><strong>&#8220;zum R\u00f6delseer Schwan&#8221; <\/strong><\/h4>\n<h4><strong>(1745 m\u00b2 \/ BJ 1990)<\/strong><\/h4>\n<h4><strong>in R\u00f6delsee<\/strong><\/h4>\n<h4><strong>in Bayern<\/strong><\/h4>\n<\/td>\n<\/tr>\n<tr>\n<td><img decoding=\"async\" loading=\"lazy\" class=\"alignleft size-full wp-image-4382\" src=\"https:\/\/becker-gastro.de\/UB\/wp-content\/uploads\/2012\/02\/Koref594.jpg\" alt=\"\" width=\"325\" height=\"216\" \/><\/td>\n<td>\n<h4><span style=\"color: #ff6600;\"><strong>Verpachtet:<\/strong><\/span><\/h4>\n<h4><span style=\"color: #000080;\"><strong>90 Pl\u00e4tze:<\/strong><\/span> <span style=\"color: #000000;\"><strong>Restaurant<\/strong><\/span><\/h4>\n<h4><strong>&#8220;Die Klosterk\u00fcche&#8221; <\/strong><\/h4>\n<h4><strong>(Denkmal \/ BJ 1664)<\/strong><\/h4>\n<h4><strong>in Uetersen<\/strong><\/h4>\n<h4><strong>in Schleswig-Holstein<\/strong><\/h4>\n<\/td>\n<\/tr>\n<tr>\n<td><img decoding=\"async\" loading=\"lazy\" class=\"alignleft size-full wp-image-4408\" src=\"https:\/\/becker-gastro.de\/UB\/wp-content\/uploads\/2012\/02\/2MOKolsl012.jpg\" alt=\"2MOKolsl012\" width=\"325\" height=\"216\" \/><\/td>\n<td>\n<h4><span style=\"color: #ff6600;\"><strong>Verpachtet:<\/strong><\/span><\/h4>\n<h4><span style=\"color: #000080;\"><strong>8 Zimmer:<\/strong><\/span> <span style=\"color: #000000;\"><strong>Hotel &amp; Rest.<\/strong><\/span><\/h4>\n<h4><strong>&#8220;Seeweiher&#8221; <\/strong><\/h4>\n<h4><strong>(700 m\u00b2 \/ BJ 1964)<\/strong><\/h4>\n<h4><strong>in Dreifelden<\/strong><\/h4>\n<h4><strong>in Rheinland-Pfalz<\/strong><\/h4>\n<\/td>\n<\/tr>\n<tr>\n<td><img decoding=\"async\" loading=\"lazy\" class=\"alignleft size-full wp-image-4310\" src=\"https:\/\/becker-gastro.de\/UB\/wp-content\/uploads\/2012\/02\/NEREF278.jpg\" alt=\"NEREF278\" width=\"325\" height=\"216\" \/><\/td>\n<td>\n<h4><span style=\"color: #ff6600;\"><strong>Verkauft:<\/strong><\/span><\/h4>\n<h4><span style=\"color: #000080;\"><strong>15 Zimmer:<\/strong><\/span> <span style=\"color: #000000;\"><strong>Hotel &amp; Rest.<\/strong><\/span><\/h4>\n<h4><strong>&#8220;LGH zum Stern&#8221; <\/strong><\/h4>\n<h4><strong>(590 m\u00b2 \/ BJ 1790)<\/strong><\/h4>\n<h4><strong>in Markt Elfershausen<\/strong><\/h4>\n<h4><strong>in Bayern<\/strong><\/h4>\n<\/td>\n<\/tr>\n<tr>\n<td><img decoding=\"async\" loading=\"lazy\" class=\"alignleft size-full wp-image-3860\" src=\"https:\/\/becker-gastro.de\/UB\/wp-content\/uploads\/2012\/02\/2MESEolRef073.jpg\" alt=\"SONY DSC\" width=\"325\" height=\"216\" \/><\/td>\n<td>\n<h4><span style=\"color: #ff6600;\"><strong>Verpachtkauft:<\/strong><\/span><\/h4>\n<h4><span style=\"color: #000080;\"><strong>28 Zimmer:<\/strong><\/span> <span style=\"color: #000000;\"><strong>Hotel &amp; Rest.<\/strong><\/span><\/h4>\n<h4><strong>&#8220;Seestern&#8221; <\/strong><\/h4>\n<h4><strong>(4900 m\u00b2)<\/strong><\/h4>\n<h4><strong>in Hasel\u00fcnne <\/strong><\/h4>\n<h4><strong>in Niedersachen<\/strong><\/h4>\n<\/td>\n<\/tr>\n<tr>\n<td><img decoding=\"async\" loading=\"lazy\" class=\"alignleft size-full wp-image-3863\" src=\"https:\/\/becker-gastro.de\/UB\/wp-content\/uploads\/2012\/02\/0BORGolRef22.jpg\" alt=\"\" width=\"325\" height=\"216\" \/><\/td>\n<td>\n<h4><span style=\"color: #ff6600;\"><strong>Verkauft:<\/strong><\/span><\/h4>\n<h4><span style=\"color: #000080;\"><strong>34 Zimmer:<\/strong><\/span> <span style=\"color: #000000;\"><strong>Hotel &amp; Rest.<\/strong><\/span><\/h4>\n<h4><strong>&#8220;Goldene Rose&#8221; <\/strong><\/h4>\n<h4><strong>(<\/strong><strong>Denkmal \/ <\/strong><strong>2010 m\u00b2)<\/strong><\/h4>\n<h4><strong>in Dinkelsb\u00fchl <\/strong><\/h4>\n<h4><strong>in Bayern<\/strong><\/h4>\n<\/td>\n<\/tr>\n<tr>\n<td><img decoding=\"async\" loading=\"lazy\" class=\"alignleft size-full wp-image-3864\" src=\"https:\/\/becker-gastro.de\/UB\/wp-content\/uploads\/2012\/02\/1GZHSolRef644.jpg\" alt=\"\" width=\"324\" height=\"216\" \/><\/td>\n<td>\n<h4><span style=\"color: #ff6600;\"><strong>Verkauft:<\/strong><\/span><\/h4>\n<h4><span style=\"color: #000080;\"><strong>6 Zimmer:<\/strong><\/span> <span style=\"color: #000000;\"><strong>Pension <\/strong><\/span><\/h4>\n<h4><strong>&#8220;Gastst\u00e4tte zum Herzog&#8221; <\/strong><\/h4>\n<h4><strong>(390 m\u00b2)<\/strong><\/h4>\n<h4><strong>in Brakel <\/strong><\/h4>\n<h4><strong>in Niedersachen<\/strong><\/h4>\n<\/td>\n<\/tr>\n<tr>\n<td><img decoding=\"async\" loading=\"lazy\" class=\"alignleft size-full wp-image-3861\" src=\"https:\/\/becker-gastro.de\/UB\/wp-content\/uploads\/2012\/02\/1CAB.jpg\" alt=\"\" width=\"325\" height=\"216\" \/><\/td>\n<td>\n<h4><span style=\"color: #ff6600;\"><strong>Verpachtet:<\/strong><\/span><\/h4>\n<h4><span style=\"color: #000000;\"><strong>Campingplatzgastst\u00e4tte<\/strong><\/span><\/h4>\n<h4><strong>&#8220;Bremer&#8221; <\/strong><\/h4>\n<h4><strong>(170 m\u00b2)<\/strong><\/h4>\n<h4><strong>in Xanten <\/strong><\/h4>\n<h4><strong>in Nordrhein-Westfalen<\/strong><\/h4>\n<\/td>\n<\/tr>\n<tr>\n<td><img decoding=\"async\" loading=\"lazy\" class=\"alignleft size-full wp-image-3749\" src=\"https:\/\/becker-gastro.de\/UB\/wp-content\/uploads\/2012\/02\/MSRS.o.slref_.jpg\" alt=\"MSRS.o.slref\" width=\"323\" height=\"207\" \/><\/td>\n<td>\n<h4><span style=\"color: #ff6600;\"><strong>Verkauft:<\/strong><\/span><\/h4>\n<h4><span style=\"color: #000080;\"><strong>15 Zimmer:<\/strong><\/span> <span style=\"color: #000000;\"><strong>Hotel &amp; Rest.<\/strong><\/span><\/h4>\n<h4><strong>&#8220;Muldenschl\u00f6sschen&#8221; <\/strong><\/h4>\n<h4><strong>(5300 m\u00b2)<\/strong><\/h4>\n<h4><strong>in\u00a0<\/strong><span style=\"font-size: 11.0pt; font-family: 'Arial',sans-serif; mso-fareast-font-family: Calibri; mso-fareast-theme-font: minor-latin; color: black; mso-ansi-language: DE; mso-fareast-language: DE; mso-bidi-language: AR-SA;\">\u00a0<\/span><strong>Lunzenau\/OT Rochsburg <\/strong><\/h4>\n<h4><strong>in Sachs<\/strong><strong>en <\/strong><\/h4>\n<\/td>\n<\/tr>\n<tr>\n<td><img decoding=\"async\" loading=\"lazy\" class=\"alignleft size-full wp-image-3742\" src=\"https:\/\/becker-gastro.de\/UB\/wp-content\/uploads\/2012\/02\/2POGRo781ref-1.jpg\" alt=\"2POGRo781ref\" width=\"322\" height=\"214\" \/><\/td>\n<td>\n<h4><span style=\"color: #ff6600;\"><strong>Verpachtkauft:<\/strong><\/span><\/h4>\n<h4><span style=\"color: #000080;\"><strong>26 Zimmer:<\/strong><\/span> <span style=\"color: #000000;\"><strong>Hotel &amp; Rest.<\/strong><\/span><\/h4>\n<h4><strong>&#8220;Zur Post&#8221; <\/strong><\/h4>\n<h4><strong>(1100 m\u00b2)<\/strong><\/h4>\n<h4><strong>in H\u00fcnfelden <\/strong><\/h4>\n<h4><strong>in Hessen <\/strong><\/h4>\n<\/td>\n<\/tr>\n<tr>\n<td><img decoding=\"async\" loading=\"lazy\" class=\"alignleft size-full wp-image-3737\" src=\"https:\/\/becker-gastro.de\/UB\/wp-content\/uploads\/2012\/02\/9OLAS067ref.jpg\" alt=\"9OLAS067ref\" width=\"320\" height=\"213\" srcset=\"https:\/\/becker-gastro.de\/UB\/wp-content\/uploads\/2012\/02\/9OLAS067ref.jpg 320w, https:\/\/becker-gastro.de\/UB\/wp-content\/uploads\/2012\/02\/9OLAS067ref-300x200.jpg 300w\" sizes=\"(max-width: 320px) 100vw, 320px\" \/><\/td>\n<td>\n<h4><span style=\"color: #ff6600;\"><strong>Verpachtet:<\/strong><\/span><\/h4>\n<h4><span style=\"color: #000080;\"><strong>45 Zimmer:<\/strong><\/span> <span style=\"color: #000000;\"><strong>Hotel &amp; Rest.<\/strong><\/span><\/h4>\n<h4><strong>&#8220;Alter Speicher&#8221; <\/strong><\/h4>\n<h4><strong>(4.354 cbm)<\/strong><\/h4>\n<h4><strong>in L\u00fcbeck <\/strong><\/h4>\n<h4><strong>in Schleswig-Holstein\u00a0<\/strong><\/h4>\n<\/td>\n<\/tr>\n<tr>\n<td><img decoding=\"async\" loading=\"lazy\" class=\"alignleft size-full wp-image-3724\" src=\"https:\/\/becker-gastro.de\/UB\/wp-content\/uploads\/2012\/02\/SCHWolvkref2018.jpg\" alt=\"SCHWolvkref2018\" width=\"320\" height=\"213\" srcset=\"https:\/\/becker-gastro.de\/UB\/wp-content\/uploads\/2012\/02\/SCHWolvkref2018.jpg 400w, https:\/\/becker-gastro.de\/UB\/wp-content\/uploads\/2012\/02\/SCHWolvkref2018-300x200.jpg 300w\" sizes=\"(max-width: 320px) 100vw, 320px\" \/><\/td>\n<td>\n<h4><span style=\"color: #ff6600;\"><strong>Verkauft:<\/strong><\/span><\/h4>\n<h4><span style=\"color: #000080;\"><strong>62 Zimmer:<\/strong><\/span> <span style=\"color: #000000;\"><strong>Hotel <\/strong><\/span><\/h4>\n<h4><strong>&#8220;Schwarzbachtal&#8221; <\/strong><\/h4>\n<h4><strong>(49.000 m\u00b2)<\/strong><\/h4>\n<h4><strong>in Erlbach\/Vogtland <\/strong><\/h4>\n<h4><strong>in Sachsen<\/strong><\/h4>\n<\/td>\n<\/tr>\n<tr>\n<td>\u00a0<\/td>\n<td>\u00a0<\/td>\n<\/tr>\n<tr>\n<td><img decoding=\"async\" loading=\"lazy\" class=\"size-full wp-image-3715\" src=\"https:\/\/becker-gastro.de\/UB\/wp-content\/uploads\/2012\/02\/1HAPolref140.jpg\" alt=\"SONY DSC\" width=\"319\" height=\"212\" srcset=\"https:\/\/becker-gastro.de\/UB\/wp-content\/uploads\/2012\/02\/1HAPolref140.jpg 400w, https:\/\/becker-gastro.de\/UB\/wp-content\/uploads\/2012\/02\/1HAPolref140-300x200.jpg 300w\" sizes=\"(max-width: 319px) 100vw, 319px\" \/><\/td>\n<td>\n<h4><span style=\"color: #ff6600;\"><strong>Verkauft:<\/strong><\/span><\/h4>\n<h4><span style=\"color: #000080;\"><strong>32 Zimmer:<\/strong><\/span> <span style=\"color: #000000;\"><strong>Hotel &amp; Caf\u00e9<\/strong><\/span><\/h4>\n<h4><strong>&#8220;Fridore&#8221; <\/strong><\/h4>\n<h4><strong>(4.200 m\u00b2)<\/strong><\/h4>\n<h4><strong>im LK Leipzig <\/strong><\/h4>\n<h4><strong>in Sachsen-Anhalt<\/strong><\/h4>\n<\/td>\n<\/tr>\n<tr>\n<td><img decoding=\"async\" loading=\"lazy\" class=\"size-full wp-image-3663\" src=\"https:\/\/becker-gastro.de\/UB\/wp-content\/uploads\/2012\/02\/HZM894ref.jpg\" alt=\"SONY DSC\" width=\"315\" height=\"209\" srcset=\"https:\/\/becker-gastro.de\/UB\/wp-content\/uploads\/2012\/02\/HZM894ref.jpg 400w, https:\/\/becker-gastro.de\/UB\/wp-content\/uploads\/2012\/02\/HZM894ref-300x200.jpg 300w\" sizes=\"(max-width: 315px) 100vw, 315px\" \/><\/td>\n<td>\n<h4><span style=\"color: #ff6600;\"><strong>Verkauft:<\/strong><\/span><\/h4>\n<h4><span style=\"color: #000080;\"><strong>22 Zimmer: <\/strong><\/span><span style=\"color: #000000;\"><strong>Hotel &amp; Rest.<\/strong><\/span><\/h4>\n<h4><strong>&#8220;Gr\u00fcner Baum&#8221; <\/strong><\/h4>\n<h4><strong>(2.400 m\u00b2)<\/strong><\/h4>\n<h4><strong>in Friedrichsdorf <\/strong><\/h4>\n<h4><strong>in Hessen <\/strong><\/h4>\n<\/td>\n<\/tr>\n<tr>\n<td><img decoding=\"async\" loading=\"lazy\" class=\"alignleft size-full wp-image-3661\" src=\"https:\/\/becker-gastro.de\/UB\/wp-content\/uploads\/2012\/02\/TSEKolhpsl444.jpg\" alt=\"TSEKolhpsl444\" width=\"316\" height=\"210\" srcset=\"https:\/\/becker-gastro.de\/UB\/wp-content\/uploads\/2012\/02\/TSEKolhpsl444.jpg 380w, https:\/\/becker-gastro.de\/UB\/wp-content\/uploads\/2012\/02\/TSEKolhpsl444-300x200.jpg 300w\" sizes=\"(max-width: 316px) 100vw, 316px\" \/><\/td>\n<td>\n<h4><span style=\"color: #ff6600;\"><strong>Verkauft:<\/strong><\/span><\/h4>\n<h4><span style=\"color: #000080;\"><strong>55 Pl\u00e4tze: <\/strong><\/span><span style=\"color: #000000;\"><strong>Imbi\u00df<\/strong><\/span><\/h4>\n<h4><strong>&#8220;Dionysis&#8221; <\/strong><\/h4>\n<h4><strong>(160 m\u00b2)<\/strong><\/h4>\n<h4><strong>in Ulm <\/strong><\/h4>\n<h4><strong>in Baden-W\u00fcrtemberg<\/strong><\/h4>\n<\/td>\n<\/tr>\n<tr>\n<td><img decoding=\"async\" loading=\"lazy\" class=\"alignleft size-full wp-image-3660\" src=\"https:\/\/becker-gastro.de\/UB\/wp-content\/uploads\/2012\/02\/1FAC.jpg\" alt=\"1FAC\" width=\"314\" height=\"181\" srcset=\"https:\/\/becker-gastro.de\/UB\/wp-content\/uploads\/2012\/02\/1FAC.jpg 400w, https:\/\/becker-gastro.de\/UB\/wp-content\/uploads\/2012\/02\/1FAC-300x173.jpg 300w\" sizes=\"(max-width: 314px) 100vw, 314px\" \/><\/td>\n<td>\n<h4><span style=\"color: #ff6600;\"><strong>Verkauft:<\/strong><\/span><\/h4>\n<h4><span style=\"color: #000080;\"><strong>117 Betten:<\/strong><\/span> <span style=\"color: #000000;\"><strong>Ferienanlage<\/strong><\/span><\/h4>\n<h4><strong>&#8220;Am Waldfried&#8221; <\/strong><\/h4>\n<h4><strong>(5 ha)<\/strong><\/h4>\n<h4><strong>in Pirna <\/strong><\/h4>\n<h4><strong>in Sachsen<\/strong><\/h4>\n<\/td>\n<\/tr>\n<tr>\n<td><img decoding=\"async\" loading=\"lazy\" class=\"alignleft size-full wp-image-3659\" src=\"https:\/\/becker-gastro.de\/UB\/wp-content\/uploads\/2012\/02\/ABFBolhpsl.jpg\" alt=\"ABFBolhpsl\" width=\"100%\" height=\"auto\" srcset=\"https:\/\/becker-gastro.de\/UB\/wp-content\/uploads\/2012\/02\/ABFBolhpsl.jpg 400w, https:\/\/becker-gastro.de\/UB\/wp-content\/uploads\/2012\/02\/ABFBolhpsl-300x80.jpg 300w\" sizes=\"(max-width: 400px) 100vw, 400px\" \/><\/td>\n<td>\n<h4><span style=\"color: #ff6600;\"><strong>Verpachtet:<\/strong><\/span><\/h4>\n<h4><span style=\"color: #000080;\"><strong>180 Pl\u00e4tze:<\/strong><\/span> <span style=\"color: #000000;\"><strong>Restaurant<\/strong><\/span><\/h4>\n<h4><strong>&#8220;Alte Glocke&#8221; <\/strong><\/h4>\n<h4><strong>(490 m\u00b2)<\/strong><\/h4>\n<h4><strong>in Jever <\/strong><\/h4>\n<h4><strong>in Niedersachsen<\/strong><\/h4>\n<\/td>\n<\/tr>\n<tr>\n<td><img decoding=\"async\" loading=\"lazy\" class=\"alignleft size-full wp-image-3658\" src=\"https:\/\/becker-gastro.de\/UB\/wp-content\/uploads\/2012\/02\/LHB-olhpre.jpg\" alt=\"LHB-olhpre\" width=\"315\" height=\"209\" srcset=\"https:\/\/becker-gastro.de\/UB\/wp-content\/uploads\/2012\/02\/LHB-olhpre.jpg 400w, https:\/\/becker-gastro.de\/UB\/wp-content\/uploads\/2012\/02\/LHB-olhpre-300x200.jpg 300w\" sizes=\"(max-width: 315px) 100vw, 315px\" \/><\/td>\n<td>\n<h4><span style=\"color: #ff6600;\"><strong>Verkauft:<\/strong><\/span><\/h4>\n<h4><span style=\"color: #000080;\"><strong>18 Zimmer:<\/strong><\/span> <span style=\"color: #000000;\"><strong>Hotel &amp; Rest.<\/strong><\/span><\/h4>\n<h4><strong>&#8220;Zum Landhotel&#8221; <\/strong><\/h4>\n<h4><strong>(1.830 m\u00b2)<\/strong><\/h4>\n<h4><strong>in Winterberg <\/strong><\/h4>\n<h4><strong>in Nordrhein-Westfalen<\/strong><\/h4>\n<\/td>\n<\/tr>\n<tr>\n<td><img decoding=\"async\" loading=\"lazy\" class=\"alignleft size-full wp-image-3625\" src=\"https:\/\/becker-gastro.de\/UB\/wp-content\/uploads\/2012\/02\/aLBS.ol467ref.jpg\" alt=\"aLBS.ol467ref\" width=\"307\" height=\"203\" \/><\/td>\n<td>\n<h4><span style=\"color: #ff6600;\"><strong>Verkauft:<\/strong><\/span><\/h4>\n<h4><span style=\"color: #000080;\"><strong>12 Zimmer:<\/strong><\/span> <span style=\"color: #000000;\"><strong>Hotel<\/strong><\/span><\/h4>\n<h4><strong>&#8220;B\u00e4ren&#8221; <\/strong><\/h4>\n<h4><strong>(1.900 m\u00b2)<\/strong><\/h4>\n<h4><strong>in Moosam Bodensee<br \/><\/strong><\/h4>\n<h4><strong>in Bayern<br \/><\/strong><\/h4>\n<\/td>\n<\/tr>\n<tr>\n<td><img decoding=\"async\" loading=\"lazy\" class=\"size-full wp-image-3626\" src=\"https:\/\/becker-gastro.de\/UB\/wp-content\/uploads\/2012\/02\/HASTolhpslref.jpg\" alt=\"SONY DSC\" width=\"311\" height=\"206\" srcset=\"https:\/\/becker-gastro.de\/UB\/wp-content\/uploads\/2012\/02\/HASTolhpslref.jpg 400w, https:\/\/becker-gastro.de\/UB\/wp-content\/uploads\/2012\/02\/HASTolhpslref-300x200.jpg 300w\" sizes=\"(max-width: 311px) 100vw, 311px\" \/><\/td>\n<td>\n<h4><span style=\"color: #ff6600;\"><strong>Verkauft:<\/strong><\/span><\/h4>\n<h4><span style=\"color: #000080;\"><strong>90 Pl\u00e4tze: <\/strong><\/span><span style=\"color: #000000;\"><strong>Weinstube<\/strong><\/span><\/h4>\n<h4><strong>&#8220;Lebensart&#8221; <\/strong><\/h4>\n<h4><strong>(<\/strong><strong>Denkmal \/ <\/strong><strong>650 m\u00b2)<\/strong><\/h4>\n<h4><strong>in Euskirchen <\/strong><\/h4>\n<h4><strong>in Nordrhein-Westfalen<\/strong><\/h4>\n<\/td>\n<\/tr>\n<tr>\n<td><img decoding=\"async\" loading=\"lazy\" class=\"size-full wp-image-3624\" src=\"https:\/\/becker-gastro.de\/UB\/wp-content\/uploads\/2012\/02\/CMM.ol_.hpref_.jpg\" alt=\"SONY DSC\" width=\"306\" height=\"203\" srcset=\"https:\/\/becker-gastro.de\/UB\/wp-content\/uploads\/2012\/02\/CMM.ol_.hpref_.jpg 400w, https:\/\/becker-gastro.de\/UB\/wp-content\/uploads\/2012\/02\/CMM.ol_.hpref_-300x200.jpg 300w\" sizes=\"(max-width: 306px) 100vw, 306px\" \/><\/td>\n<td>\n<h4><span style=\"color: #ff6600;\"><strong>Verkauft:<\/strong><\/span><\/h4>\n<h4><span style=\"color: #000080;\"><strong>12 Zimmer:<\/strong><\/span> <span style=\"color: #000000;\"><strong>Hotel Garni<\/strong><\/span><\/h4>\n<h4><strong>&#8220;Kr\u00f6ver&#8221; <\/strong><\/h4>\n<h4><strong>(1.400 m\u00b2)<\/strong><\/h4>\n<h4><strong>in Bernkastel-Kues <\/strong><strong>an der Mosel<\/strong><\/h4>\n<h4><strong>in Rheinland-Pfalz<\/strong><\/h4>\n<\/td>\n<\/tr>\n<tr>\n<td><img decoding=\"async\" loading=\"lazy\" class=\"alignleft size-full wp-image-3524\" src=\"https:\/\/becker-gastro.de\/UB\/wp-content\/uploads\/2012\/02\/MSEEolhpvk-1.jpg\" alt=\"mseeolhpvk\" width=\"300\" height=\"200\" \/><\/td>\n<td>\n<h4><span style=\"color: #ff6600;\"><strong>Verpachtet:<\/strong><\/span><\/h4>\n<h4><span style=\"color: #000080;\"><strong>28 Zimmer:<\/strong><\/span> <span style=\"color: #000000;\"><strong>Hotel &amp; Rest.<\/strong><\/span><\/h4>\n<h4><strong>&#8220;Haus am See &#8211; Seestern&#8221; <\/strong><\/h4>\n<h4><strong>(3.300 m\u00b2)<\/strong><\/h4>\n<h4><strong>in Hasel\u00fcnne <\/strong><\/h4>\n<h4><strong>in Niedersachsen<\/strong><\/h4>\n<\/td>\n<\/tr>\n<tr>\n<td><a href=\"https:\/\/becker-gastro.de\/UB\/wp-content\/uploads\/2012\/02\/1FPFHolref766.jpg\"><img decoding=\"async\" loading=\"lazy\" class=\"alignleft size-full wp-image-3506\" title=\"SONY DSC\" src=\"https:\/\/becker-gastro.de\/UB\/wp-content\/uploads\/2012\/02\/1FPFHolref766.jpg\" alt=\"\" width=\"300\" height=\"200\" \/><\/a><\/td>\n<td>\n<h4><span style=\"color: #ff6600;\"><strong>Verkauft:<\/strong><\/span><\/h4>\n<h4><span style=\"color: #000080;\"><strong>10 Zimmer: <\/strong><\/span><span style=\"color: #000000;\"><strong>Hotel &amp; Rest.<\/strong><\/span><\/h4>\n<h4><strong>&#8220;Pf\u00e4lzer Hof&#8221; <\/strong><\/h4>\n<h4><strong>(1.130 m\u00b2)<\/strong><\/h4>\n<h4><strong>in Guntersblum <\/strong><\/h4>\n<h4><strong>in Rheinland-Pfalz<\/strong><\/h4>\n<\/td>\n<\/tr>\n<tr>\n<td><a href=\"https:\/\/becker-gastro.de\/UB\/wp-content\/uploads\/2012\/02\/1HHSHrefol454.jpg\"><img decoding=\"async\" loading=\"lazy\" class=\"alignleft size-full wp-image-3485\" title=\"SONY DSC\" src=\"https:\/\/becker-gastro.de\/UB\/wp-content\/uploads\/2012\/02\/1HHSHrefol454.jpg\" alt=\"\" width=\"300\" height=\"200\" \/><\/a><\/td>\n<td>\n<h4><span style=\"color: #ff6600;\"><strong>Verpachtet:<\/strong><\/span><\/h4>\n<h4><span style=\"color: #000080;\"><strong>5 Zimmer:<\/strong><\/span> <span style=\"color: #000000;\"><strong>Hotel &amp; Rest.<\/strong><\/span><\/h4>\n<h4><strong>&#8220;Schwanenhof&#8221; <\/strong><\/h4>\n<h4><strong>(1.980 m\u00b2)<\/strong><\/h4>\n<h4><strong>in Kleve <\/strong><\/h4>\n<h4><strong>in Nordrhein-Westfalen<\/strong><\/h4>\n<\/td>\n<\/tr>\n<tr>\n<td><a href=\"https:\/\/becker-gastro.de\/UB\/wp-content\/uploads\/2012\/02\/ADFolref232l.jpg\"><img decoding=\"async\" loading=\"lazy\" class=\"alignleft size-full wp-image-3484\" title=\"ADFolref232l\" src=\"https:\/\/becker-gastro.de\/UB\/wp-content\/uploads\/2012\/02\/ADFolref232l.jpg\" alt=\"\" width=\"300\" height=\"200\" \/><\/a><\/td>\n<td>\n<h4><span style=\"color: #ff6600;\"><strong>Verkauft:<\/strong><\/span><\/h4>\n<h4><span style=\"color: #000080;\"><strong>125 Pl\u00e4tze: <\/strong><\/span><span style=\"color: #000000;\"><strong>Gasthof<\/strong><\/span><\/h4>\n<h4><strong>&#8220;Hummelt&#8221; <\/strong><\/h4>\n<h4><strong>(378 m\u00b2) <\/strong><\/h4>\n<h4><strong>in M\u00fcnster<\/strong><\/h4>\n<h4><strong>in Nordrhein-Westfalen<\/strong><\/h4>\n<\/td>\n<\/tr>\n<tr>\n<td><a href=\"https:\/\/becker-gastro.de\/UB\/wp-content\/uploads\/2012\/02\/SPOPhpol554ref.jpg\"><img decoding=\"async\" loading=\"lazy\" class=\"alignleft size-full wp-image-3476\" title=\"SPOPhpol554ref\" src=\"https:\/\/becker-gastro.de\/UB\/wp-content\/uploads\/2012\/02\/SPOPhpol554ref.jpg\" alt=\"\" width=\"300\" height=\"200\" \/><\/a><\/td>\n<td>\n<h4><span style=\"color: #ff6600;\"><strong>Verkauft:<\/strong><\/span><\/h4>\n<h4><span style=\"color: #000080;\"><strong>93 Zimmer:<\/strong><\/span> <span style=\"color: #000000;\"><strong>Hotel Garni<\/strong><\/span><\/h4>\n<h4><strong>&#8220;Hotel am Park&#8221; <\/strong><\/h4>\n<h4><strong>(5.020 m\u00b2)<\/strong><\/h4>\n<h4><strong>in Stadtkyll \/ Eifel<\/strong><\/h4>\n<h4><strong>in Rheinland-Pfalz<\/strong><\/h4>\n<\/td>\n<\/tr>\n<tr>\n<td><a href=\"https:\/\/becker-gastro.de\/UB\/wp-content\/uploads\/2012\/02\/17BTKDre.jpg\"><img decoding=\"async\" loading=\"lazy\" class=\"alignleft size-full wp-image-3469\" title=\"SONY DSC\" src=\"https:\/\/becker-gastro.de\/UB\/wp-content\/uploads\/2012\/02\/17BTKDre.jpg\" alt=\"\" width=\"300\" height=\"200\" \/><\/a><\/td>\n<td>\n<h4><span style=\"color: #ff6600;\"><strong>Verpachtet:<\/strong><\/span><\/h4>\n<h4><span style=\"color: #000080;\"><strong>52 Betten:<\/strong><\/span> <span style=\"color: #000000;\"><strong>Hotel &amp; Rest.<\/strong><\/span><\/h4>\n<h4><strong>&#8220;zum Dorfkrug&#8221; <\/strong><\/h4>\n<h4><strong>(5.390 m\u00b2)<\/strong><\/h4>\n<h4><strong>in Horn <\/strong><\/h4>\n<h4><strong>in <\/strong><strong>Nordrhein-Westfalen<\/strong><\/h4>\n<\/td>\n<\/tr>\n<tr>\n<td><a href=\"https:\/\/becker-gastro.de\/UB\/wp-content\/uploads\/2012\/02\/DCLrefolkjpg.jpg\"><img decoding=\"async\" loading=\"lazy\" class=\"alignleft size-full wp-image-3454\" title=\"DCLrefolkjpg\" src=\"https:\/\/becker-gastro.de\/UB\/wp-content\/uploads\/2012\/02\/DCLrefolkjpg.jpg\" alt=\"\" width=\"300\" height=\"200\" \/><\/a><\/td>\n<td>\n<h4><span style=\"color: #ff6600;\"><strong>Verkauft:<\/strong><\/span><\/h4>\n<h4><span style=\"color: #000080;\"><strong>850 Pl\u00e4tze: <\/strong><\/span><span style=\"color: #000000;\"><strong><span style=\"background-color: #ffffff;\">Diskothek<\/span><\/strong><\/span><\/h4>\n<h4><strong>&#8220;Dancing Club<\/strong><strong>&#8221; <\/strong><\/h4>\n<h4><strong>(2.100 m\u00b2)<\/strong><\/h4>\n<h4><strong>in Karlsh\u00f6fen<\/strong><\/h4>\n<h4><strong>in Niedersachsen<\/strong><\/h4>\n<\/td>\n<\/tr>\n<tr>\n<td><a href=\"https:\/\/becker-gastro.de\/UB\/wp-content\/uploads\/2012\/02\/19WHWref.jpg\"><img decoding=\"async\" loading=\"lazy\" class=\"alignleft size-full wp-image-3390\" title=\"19WHWref\" src=\"https:\/\/becker-gastro.de\/UB\/wp-content\/uploads\/2012\/02\/19WHWref.jpg\" alt=\"\" width=\"300\" height=\"200\" \/><\/a><\/td>\n<td>\n<h4><span style=\"color: #ff6600;\"><strong>Verkauft:<\/strong><\/span><\/h4>\n<h4><span style=\"color: #000080;\"><strong>12 Zimmer:<\/strong><\/span> <span style=\"color: #000000;\"><strong>Hotel &amp; Rest.<\/strong><\/span><\/h4>\n<h4><strong>&#8220;Walzer&#8221; <\/strong><\/h4>\n<h4><strong>(3.450 m\u00b2)<\/strong><\/h4>\n<h4><strong>in Lehmke <\/strong><\/h4>\n<h4><strong>in Niedersachsen<\/strong><\/h4>\n<\/td>\n<\/tr>\n<tr>\n<td><a href=\"https:\/\/becker-gastro.de\/UB\/wp-content\/uploads\/2012\/02\/0RhrPol.jpg\"><img decoding=\"async\" loading=\"lazy\" class=\"alignleft size-full wp-image-3309\" title=\"SONY DSC\" src=\"https:\/\/becker-gastro.de\/UB\/wp-content\/uploads\/2012\/02\/0RhrPol.jpg\" alt=\"\" width=\"300\" height=\"200\" \/><\/a><\/td>\n<td>\n<h4><span style=\"color: #ff6600;\"><strong>Verpachtkauft:<\/strong><\/span><\/h4>\n<h4><span style=\"color: #000080;\"><strong>65 Zimmer:<\/strong><\/span> <span style=\"color: #000000;\"><strong>Hotel Garni<\/strong><\/span><\/h4>\n<h4><strong>&#8220;Post&#8221; <\/strong><\/h4>\n<h4><strong>(890 m\u00b2)<\/strong><\/h4>\n<h4><strong>im LK Passau <\/strong><\/h4>\n<h4><strong>in Bayern<\/strong><\/h4>\n<\/td>\n<\/tr>\n<tr>\n<td><a href=\"https:\/\/becker-gastro.de\/UB\/wp-content\/uploads\/2012\/02\/1MKDH.GTol_.jpg\"><img decoding=\"async\" loading=\"lazy\" class=\"alignleft size-full wp-image-3308\" title=\"SONY DSC\" src=\"https:\/\/becker-gastro.de\/UB\/wp-content\/uploads\/2012\/02\/1MKDH.GTol_.jpg\" alt=\"\" width=\"300\" height=\"200\" \/><\/a><\/td>\n<td>\n<h4><span style=\"color: #ff6600;\"><strong>Verkauft:<\/strong><\/span><\/h4>\n<h4><span style=\"color: #000080;\"><strong>195 Pl\u00e4tze: <\/strong><\/span><span style=\"color: #000000;\"><strong>Ausflugscaf\u00e9<\/strong><\/span><\/h4>\n<h4><strong>&#8220;Heyberg&#8221; <\/strong><\/h4>\n<h4><strong>(625 m\u00b2)<\/strong><\/h4>\n<h4><strong>in Twisteden <\/strong><\/h4>\n<h4><strong>in Nordrhein-Westfalen<\/strong><\/h4>\n<\/td>\n<\/tr>\n<tr>\n<td><a href=\"https:\/\/becker-gastro.de\/UB\/wp-content\/uploads\/2012\/02\/A.ZkBMol.jpg\"><img decoding=\"async\" loading=\"lazy\" class=\"alignleft size-full wp-image-3307\" title=\"SONY DSC\" src=\"https:\/\/becker-gastro.de\/UB\/wp-content\/uploads\/2012\/02\/A.ZkBMol.jpg\" alt=\"\" width=\"300\" height=\"200\" \/><\/a><\/td>\n<td>\n<h4><span style=\"color: #ff6600;\"><strong>Verkauft:<\/strong><\/span><\/h4>\n<h4><span style=\"color: #000080;\"><strong>Catering:<\/strong><\/span><\/h4>\n<h4><strong>&#8220;Meinert&#8221; <\/strong><\/h4>\n<h4><strong>(470 m\u00b2)<\/strong><\/h4>\n<h4><strong>in H\u00f6xter <\/strong><\/h4>\n<h4><strong>in Niedersachsen<\/strong><\/h4>\n<\/td>\n<\/tr>\n<tr>\n<td><a href=\"https:\/\/becker-gastro.de\/UB\/wp-content\/uploads\/2012\/02\/13JRJol.jpg\"><img decoding=\"async\" loading=\"lazy\" class=\"alignleft size-full wp-image-3306\" title=\"SONY DSC\" src=\"https:\/\/becker-gastro.de\/UB\/wp-content\/uploads\/2012\/02\/13JRJol.jpg\" alt=\"\" width=\"300\" height=\"200\" \/><\/a><\/td>\n<td>\n<h4><span style=\"color: #ff6600;\"><strong>Verkauft:<\/strong><\/span><\/h4>\n<h4><span style=\"color: #000080;\"><strong>32 Zimmer:<\/strong><\/span> <span style=\"color: #000000;\"><strong>Hotel &amp; Rest.<\/strong><\/span><\/h4>\n<h4><strong>&#8220;Juncker&#8221; <\/strong><\/h4>\n<h4><strong>(890 m\u00b2)<\/strong><\/h4>\n<h4><strong>in Saarlouis <\/strong><\/h4>\n<h4><strong>im Saarland<\/strong><\/h4>\n<\/td>\n<\/tr>\n<tr>\n<td><a href=\"https:\/\/becker-gastro.de\/UB\/wp-content\/uploads\/2012\/02\/Lahnblickrf.jpg\"><img decoding=\"async\" loading=\"lazy\" class=\"alignleft size-full wp-image-3235\" title=\"Lahnblickrf\" src=\"https:\/\/becker-gastro.de\/UB\/wp-content\/uploads\/2012\/02\/Lahnblickrf.jpg\" alt=\"\" width=\"303\" height=\"203\" \/><\/a><\/td>\n<td>\n<h4><span style=\"color: #ff6600;\"><strong>Verkauft:<\/strong><\/span><\/h4>\n<h4><span style=\"color: #000080;\"><strong>10 Zimmer:<\/strong><\/span><span style=\"color: #000000;\"><strong> Hotel &amp; Rest.<\/strong><\/span><\/h4>\n<h4><strong>&#8220;Lahnblick&#8221; <\/strong><\/h4>\n<h4><strong>(4.350 m\u00b2)<\/strong><\/h4>\n<h4><strong>in Balduinstein <\/strong><\/h4>\n<h4><strong>in Rheinland-Pfalz<\/strong><\/h4>\n<\/td>\n<\/tr>\n<tr>\n<td><a href=\"https:\/\/becker-gastro.de\/UB\/wp-content\/uploads\/2012\/02\/1StdLk.Burgeinblicke.8385.ol_..jpg\"><img decoding=\"async\" loading=\"lazy\" class=\"alignleft size-full wp-image-3333\" title=\"1StdLk.Burgeinblicke.8385.ol.\" src=\"https:\/\/becker-gastro.de\/UB\/wp-content\/uploads\/2012\/02\/1StdLk.Burgeinblicke.8385.ol_..jpg\" alt=\"\" width=\"302\" height=\"358\" srcset=\"https:\/\/becker-gastro.de\/UB\/wp-content\/uploads\/2012\/02\/1StdLk.Burgeinblicke.8385.ol_..jpg 520w, https:\/\/becker-gastro.de\/UB\/wp-content\/uploads\/2012\/02\/1StdLk.Burgeinblicke.8385.ol_.-252x300.jpg 252w\" sizes=\"(max-width: 302px) 100vw, 302px\" \/><\/a><\/td>\n<td>\n<h2>\u00a0<\/h2>\n<h4><span style=\"color: #ff6600;\"><strong>Verpachtet:<\/strong><\/span><\/h4>\n<h4><span style=\"color: #000080;\"><strong>255 Pl\u00e4tze:<\/strong><\/span><\/h4>\n<h4><span style=\"color: #000000;\"><strong>Burgrestaurant auf<\/strong><\/span><\/h4>\n<h4><strong>&#8220;Schloss Nideggen&#8221;<\/strong><\/h4>\n<h4><strong>(<\/strong><strong>Denkmal \/ <\/strong><strong>2.350 m\u00b2) <\/strong><\/h4>\n<h4><strong>in Nideggen <\/strong><\/h4>\n<h4><strong>in Nordrhein-Westfalen<\/strong><\/h4>\n<\/td>\n<\/tr>\n<tr>\n<td><a href=\"https:\/\/becker-gastro.de\/UB\/wp-content\/uploads\/2012\/02\/Harlekinrf.jpg\"><img decoding=\"async\" loading=\"lazy\" width=\"380\" height=\"254\" class=\"alignleft size-full wp-image-3234\" style=\"width: 100%; height: auto;\" title=\"Harlekinrf\" src=\"https:\/\/becker-gastro.de\/UB\/wp-content\/uploads\/2012\/02\/Harlekinrf.jpg\" alt=\"\" srcset=\"https:\/\/becker-gastro.de\/UB\/wp-content\/uploads\/2012\/02\/Harlekinrf.jpg 380w, https:\/\/becker-gastro.de\/UB\/wp-content\/uploads\/2012\/02\/Harlekinrf-300x201.jpg 300w\" sizes=\"(max-width: 380px) 100vw, 380px\" \/><\/a><\/td>\n<td>\n<h4><span style=\"color: #ff6600;\"><strong>Verkauft:<\/strong><\/span><\/h4>\n<h4><span style=\"color: #000080;\"><strong>10 Zimmer:<\/strong><\/span><span style=\"color: #000000;\"><strong> Pension<\/strong><\/span><span style=\"color: #000080;\"><strong>\u00a0<\/strong><\/span><\/h4>\n<h4><strong>&#8220;Harlekin&#8221; <\/strong><\/h4>\n<h4><strong>(560 m\u00b2)<\/strong><\/h4>\n<h4><strong>in Willingen <\/strong><\/h4>\n<h4><strong>in Nordrhein-Westfalen<\/strong><\/h4>\n<\/td>\n<\/tr>\n<tr>\n<td><a href=\"https:\/\/becker-gastro.de\/UB\/wp-content\/uploads\/2012\/02\/1JCHQ_revol_967.jpg\"><img decoding=\"async\" loading=\"lazy\" class=\"alignleft size-full wp-image-3228\" title=\"1JCHQ_revol_967\" src=\"https:\/\/becker-gastro.de\/UB\/wp-content\/uploads\/2012\/02\/1JCHQ_revol_967.jpg\" alt=\"\" width=\"302\" height=\"201\" srcset=\"https:\/\/becker-gastro.de\/UB\/wp-content\/uploads\/2012\/02\/1JCHQ_revol_967.jpg 318w, https:\/\/becker-gastro.de\/UB\/wp-content\/uploads\/2012\/02\/1JCHQ_revol_967-300x199.jpg 300w\" sizes=\"(max-width: 302px) 100vw, 302px\" \/><\/a><\/td>\n<td>\n<h4><span style=\"color: #ff6600;\"><strong>Verkauft:<\/strong><\/span><\/h4>\n<h4><span style=\"color: #000080;\"><strong>24 Zimmer:<\/strong><\/span> <span style=\"color: #000000;\"><strong>Hotel &amp; Rest.<\/strong><\/span><\/h4>\n<h4><strong>&#8220;Lindenh\u00f6he&#8221; <\/strong><\/h4>\n<h4><strong>(1460 m\u00b2)<\/strong><\/h4>\n<h4><strong>in Erlbach <\/strong><\/h4>\n<h4><strong>in Sachsen<\/strong><\/h4>\n<\/td>\n<\/tr>\n<tr>\n<td><a href=\"https:\/\/becker-gastro.de\/UB\/wp-content\/uploads\/2012\/02\/1WFGOol.jpg\"><img decoding=\"async\" loading=\"lazy\" class=\"alignleft size-full wp-image-3197\" title=\"1WFGOol\" src=\"https:\/\/becker-gastro.de\/UB\/wp-content\/uploads\/2012\/02\/1WFGOol.jpg\" alt=\"\" width=\"300\" height=\"200\" \/><\/a><\/td>\n<td>\n<h4><span style=\"color: #ff6600;\"><strong>Verkauft:<\/strong><\/span><\/h4>\n<h4><span style=\"color: #000080;\"><strong>12 Zimmer:<\/strong><\/span> <span style=\"color: #000000;\"><strong>Hotel &amp; Rest.<\/strong><\/span><\/h4>\n<h4><strong>&#8220;Waldvogt&#8221; <\/strong><\/h4>\n<h4><strong>(1540 m\u00b2)<\/strong><\/h4>\n<h4><strong>in W\u00fcrzburg <\/strong><\/h4>\n<h4><strong>in Bayern<\/strong><\/h4>\n<\/td>\n<\/tr>\n<tr>\n<td><a href=\"https:\/\/becker-gastro.de\/UB\/wp-content\/uploads\/2012\/02\/CKAE-hp.olrefl.1.jpg\"><img decoding=\"async\" loading=\"lazy\" class=\"alignleft size-full wp-image-3217\" title=\"CKAE-hp.olrefl.\" src=\"https:\/\/becker-gastro.de\/UB\/wp-content\/uploads\/2012\/02\/CKAE-hp.olrefl.1.jpg\" alt=\"\" width=\"300\" height=\"200\" \/><\/a><\/td>\n<td>\n<h4><span style=\"color: #ff6600;\"><strong>Verkauft:<\/strong><\/span><\/h4>\n<h4><span style=\"color: #000080;\"><strong>76 Zimmer****:<\/strong><\/span> <span style=\"color: #000000;\"><strong>Hotel &amp; Rest.<\/strong><\/span><\/h4>\n<h4><strong>&#8220;Adion&#8221; <\/strong><\/h4>\n<h4><strong>(46.000 m\u00b2)<\/strong><\/h4>\n<h4><strong>im LK Selters<\/strong><\/h4>\n<h4><strong>in Rheinland-Pfalz<\/strong><\/h4>\n<\/td>\n<\/tr>\n<tr>\n<td><a href=\"https:\/\/becker-gastro.de\/UB\/wp-content\/uploads\/2012\/02\/1SHHH-ol.jpg\"><img decoding=\"async\" loading=\"lazy\" class=\"alignleft size-full wp-image-3198\" title=\"SONY DSC\" src=\"https:\/\/becker-gastro.de\/UB\/wp-content\/uploads\/2012\/02\/1SHHH-ol.jpg\" alt=\"\" width=\"300\" height=\"200\" \/><\/a><\/td>\n<td>\n<h4><span style=\"color: #ff6600;\"><strong>Verkauft:<\/strong><\/span><\/h4>\n<h4><span style=\"color: #000080;\"><strong>19 Zimmer:<\/strong><\/span><strong> <span style=\"color: #000000;\">Hotel Garni<\/span><\/strong><\/h4>\n<h4><strong>&#8220;Schwarzer Hof&#8221; <\/strong><\/h4>\n<h4><strong>(840 m\u00b2)<\/strong><\/h4>\n<h4><strong>in Heusweiler <\/strong><\/h4>\n<h4><strong>im Saarland<\/strong><\/h4>\n<\/td>\n<\/tr>\n<tr>\n<td><a href=\"https:\/\/becker-gastro.de\/UB\/wp-content\/uploads\/2012\/02\/1ZKS.rf_.ol_.jpg\"><img decoding=\"async\" loading=\"lazy\" class=\"alignleft size-full wp-image-2919\" title=\"SONY DSC\" src=\"https:\/\/becker-gastro.de\/UB\/wp-content\/uploads\/2012\/02\/1ZKS.rf_.ol_.jpg\" alt=\"\" width=\"299\" height=\"199\" srcset=\"https:\/\/becker-gastro.de\/UB\/wp-content\/uploads\/2012\/02\/1ZKS.rf_.ol_.jpg 350w, https:\/\/becker-gastro.de\/UB\/wp-content\/uploads\/2012\/02\/1ZKS.rf_.ol_-300x200.jpg 300w\" sizes=\"(max-width: 299px) 100vw, 299px\" \/><\/a><\/td>\n<td>\n<h4><span style=\"color: #ff6600;\"><strong>Verpachtet:<\/strong><\/span><\/h4>\n<h4><span style=\"color: #000080;\"><strong>6 Zimmer:<\/strong><\/span> <span style=\"color: #000000;\"><strong>Pension<\/strong><\/span><\/h4>\n<h4><strong>&#8220;Zum Kroneneck&#8221; <\/strong><\/h4>\n<h4><strong>(<\/strong><strong>Denkmal \/ <\/strong><strong>395 m\u00b2) <\/strong><\/h4>\n<h4><strong>in Neurath<\/strong><\/h4>\n<h4><strong>in Nordrhein-Westfalen<\/strong><\/h4>\n<\/td>\n<\/tr>\n<tr>\n<td><a href=\"https:\/\/becker-gastro.de\/UB\/wp-content\/uploads\/2012\/02\/3eBRwh.rf_.ol_.jpg\"><img decoding=\"async\" loading=\"lazy\" class=\"alignleft size-full wp-image-2917\" title=\"SONY DSC\" src=\"https:\/\/becker-gastro.de\/UB\/wp-content\/uploads\/2012\/02\/3eBRwh.rf_.ol_.jpg\" alt=\"\" width=\"299\" height=\"199\" srcset=\"https:\/\/becker-gastro.de\/UB\/wp-content\/uploads\/2012\/02\/3eBRwh.rf_.ol_.jpg 360w, https:\/\/becker-gastro.de\/UB\/wp-content\/uploads\/2012\/02\/3eBRwh.rf_.ol_-300x199.jpg 300w\" sizes=\"(max-width: 299px) 100vw, 299px\" \/><\/a><\/td>\n<td>\n<h4><span style=\"color: #ff6600;\"><strong>Verkauft:<\/strong><\/span><\/h4>\n<h4><span style=\"color: #000080;\"><strong>29 Zimmer:<\/strong><\/span> <span style=\"color: #000000;\"><strong>Hotel &amp; Rest.<\/strong><\/span><\/h4>\n<h4><strong>&#8220;Wacholder&#8221; <\/strong><\/h4>\n<h4><strong>(4540 m\u00b2)<\/strong><\/h4>\n<h4><strong>in der L\u00fcneburger Heide <\/strong><\/h4>\n<h4><strong>in Niedersachsen<\/strong><\/h4>\n<\/td>\n<\/tr>\n<tr>\n<td><a href=\"https:\/\/becker-gastro.de\/UB\/wp-content\/uploads\/2012\/02\/9MGD.rf_.ol_.jpg\"><img decoding=\"async\" loading=\"lazy\" class=\"alignleft size-full wp-image-2914\" title=\"SONY DSC\" src=\"https:\/\/becker-gastro.de\/UB\/wp-content\/uploads\/2012\/02\/9MGD.rf_.ol_.jpg\" alt=\"\" width=\"299\" height=\"199\" srcset=\"https:\/\/becker-gastro.de\/UB\/wp-content\/uploads\/2012\/02\/9MGD.rf_.ol_.jpg 380w, https:\/\/becker-gastro.de\/UB\/wp-content\/uploads\/2012\/02\/9MGD.rf_.ol_-300x200.jpg 300w\" sizes=\"(max-width: 299px) 100vw, 299px\" \/><\/a><\/td>\n<td>\n<h4><span style=\"color: #ff6600;\"><strong>Verkauft:<\/strong><\/span><\/h4>\n<h4><span style=\"color: #000080;\"><strong>105 Pl\u00e4tze: <\/strong><\/span><span style=\"color: #000000;\"><strong>Gastst\u00e4tte<\/strong><\/span><\/h4>\n<h4><strong>&#8220;Kamps&#8221; <\/strong><\/h4>\n<h4><strong>(275 m\u00b2) <\/strong><\/h4>\n<h4><strong>in M\u00f6nchengladbach<\/strong><\/h4>\n<h4><strong>in Nordrhein-Westfalen<\/strong><\/h4>\n<\/td>\n<\/tr>\n<tr>\n<td><a href=\"https:\/\/becker-gastro.de\/UB\/wp-content\/uploads\/2012\/02\/rev_olhp.jpg\"><img decoding=\"async\" loading=\"lazy\" class=\"alignleft size-full wp-image-2899\" title=\"rev_olhp\" src=\"https:\/\/becker-gastro.de\/UB\/wp-content\/uploads\/2012\/02\/rev_olhp.jpg\" alt=\"\" width=\"300\" height=\"237\" srcset=\"https:\/\/becker-gastro.de\/UB\/wp-content\/uploads\/2012\/02\/rev_olhp.jpg 318w, https:\/\/becker-gastro.de\/UB\/wp-content\/uploads\/2012\/02\/rev_olhp-300x237.jpg 300w\" sizes=\"(max-width: 300px) 100vw, 300px\" \/><\/a><\/td>\n<td>\n<h4><span style=\"color: #ff6600;\"><strong>Verkauft:<\/strong><\/span><\/h4>\n<h4><span style=\"color: #000080;\"><strong>14 Zimmer:<\/strong><\/span> <span style=\"color: #000000;\"><strong>Hotel &amp; Rest.<\/strong><\/span><\/h4>\n<h4><strong>&#8220;Wiedbach&#8221; <\/strong><\/h4>\n<h4><strong>(4900 m\u00b2)<\/strong><\/h4>\n<h4><strong>in Neuwied<\/strong><\/h4>\n<h4><strong>in Rheinland-Pfalz<\/strong><\/h4>\n<\/td>\n<\/tr>\n<tr>\n<td><a href=\"https:\/\/becker-gastro.de\/UB\/wp-content\/uploads\/2012\/02\/UHHB.8283Rf.sl_1.jpg\"><img decoding=\"async\" loading=\"lazy\" class=\"alignleft size-full wp-image-2852\" title=\"SONY DSC\" src=\"https:\/\/becker-gastro.de\/UB\/wp-content\/uploads\/2012\/02\/UHHB.8283Rf.sl_1.jpg\" alt=\"\" width=\"300\" height=\"200\" \/><\/a><\/td>\n<td>\n<h4><span style=\"color: #ff6600;\"><strong>Verpachtet:<\/strong><\/span><\/h4>\n<h4><span style=\"color: #000080;\"><strong>70 Pl\u00e4tze:<\/strong><\/span> <span style=\"color: #000000;\"><strong>Bistro<\/strong><\/span><\/h4>\n<h4><strong>&#8220;Hellenthaler Bistro&#8221; <\/strong><\/h4>\n<h4><strong>(245 m\u00b2) <\/strong><\/h4>\n<h4><strong>in Hellenthal<\/strong><\/h4>\n<h4><strong>in Nordrhein-Westfalen<\/strong><\/h4>\n<\/td>\n<\/tr>\n<tr>\n<td><a href=\"https:\/\/becker-gastro.de\/UB\/wp-content\/uploads\/2012\/02\/C.S.G.hp_.ref_.ol_..jpg\"><img decoding=\"async\" loading=\"lazy\" class=\"alignleft size-full wp-image-2813\" title=\"C.S.G.hp.ref.ol.\" src=\"https:\/\/becker-gastro.de\/UB\/wp-content\/uploads\/2012\/02\/C.S.G.hp_.ref_.ol_..jpg\" alt=\"\" width=\"300\" height=\"201\" \/><\/a><\/td>\n<td>\n<h4><span style=\"color: #ff6600;\"><strong>Verpachtkauft:<\/strong><\/span><\/h4>\n<h4><span style=\"color: #000080;\"><strong>400 Pl\u00e4tze:<\/strong><\/span> <span style=\"color: #000000;\"><strong>Restaurant <\/strong><\/span><\/h4>\n<h4><strong>&#8220;China Sea Garden&#8221; <\/strong><\/h4>\n<h4><strong>(3.035 m\u00b2) <\/strong><\/h4>\n<h4><strong>in Willich<\/strong><\/h4>\n<h4><strong>in Nordrhein-Westfalen<\/strong><\/h4>\n<\/td>\n<\/tr>\n<tr>\n<td><a href=\"https:\/\/becker-gastro.de\/UB\/wp-content\/uploads\/2012\/02\/TNWol.ref_1.jpg\"><img decoding=\"async\" loading=\"lazy\" class=\"alignleft size-full wp-image-2776\" title=\"TNWol.ref\" src=\"https:\/\/becker-gastro.de\/UB\/wp-content\/uploads\/2012\/02\/TNWol.ref_1.jpg\" alt=\"\" width=\"300\" height=\"199\" \/><\/a><\/td>\n<td>\n<h4><span style=\"color: #ff6600;\"><strong>Verkauft:<\/strong><\/span><\/h4>\n<h4><span style=\"color: #000080;\"><strong>10 S\u00e9par\u00e9es: <\/strong><\/span><span style=\"color: #000000;\"><strong>Nightclub<\/strong><\/span><\/h4>\n<h4><strong>&#8220;Tropicana&#8221; <\/strong><\/h4>\n<h4><strong>(17.000 m\u00b2)<\/strong><\/h4>\n<h4><strong>in Halver<\/strong><\/h4>\n<h4><strong>in Nordrhein-Westfalen<\/strong><\/h4>\n<\/td>\n<\/tr>\n<tr>\n<td><a href=\"https:\/\/becker-gastro.de\/UB\/wp-content\/uploads\/2012\/02\/1DHGP.HotelRef.775.jpg\"><img decoding=\"async\" loading=\"lazy\" class=\"alignleft size-full wp-image-2729\" title=\"SONY DSC\" src=\"https:\/\/becker-gastro.de\/UB\/wp-content\/uploads\/2012\/02\/1DHGP.HotelRef.775.jpg\" alt=\"\" width=\"300\" height=\"200\" \/><\/a><\/td>\n<td>\n<h4><span style=\"color: #ff6600;\"><strong>Verpachtet:<\/strong><\/span><\/h4>\n<h4><span style=\"color: #000080;\"><strong>22 Zimmer:<\/strong><\/span> <span style=\"color: #000000;\"><strong>Hotel &amp; Rest.<\/strong><\/span><\/h4>\n<h4><strong>&#8220;Gr\u00fctering&#8221; <\/strong><\/h4>\n<h4><strong>(436 m\u00b2)<\/strong><\/h4>\n<h4><strong>in Dorsten<\/strong><\/h4>\n<h4><strong>in Nordrhein-Westfalen<\/strong><\/h4>\n<\/td>\n<\/tr>\n<tr>\n<td><a href=\"https:\/\/becker-gastro.de\/UB\/wp-content\/uploads\/2012\/02\/1HKHO.HotellRef.ol_..jpg\"><img decoding=\"async\" loading=\"lazy\" class=\"alignleft size-full wp-image-2728\" title=\"1HKHO.HotellRef.ol.\" src=\"https:\/\/becker-gastro.de\/UB\/wp-content\/uploads\/2012\/02\/1HKHO.HotellRef.ol_..jpg\" alt=\"\" width=\"220\" height=\"202\" \/><\/a><\/td>\n<td>\n<h4><span style=\"color: #ff6600;\"><strong>Verkauft:<\/strong><\/span><\/h4>\n<h4><span style=\"color: #000080;\"><strong>36 Zimmer:<\/strong><\/span><strong> <span style=\"color: #000000;\">Hotel<\/span><\/strong><\/h4>\n<h4><strong>&#8220;Zur Krone&#8221; <\/strong><\/h4>\n<h4><strong>(436 m\u00b2)<\/strong><\/h4>\n<h4><strong>in K\u00f6nigswinter<\/strong><\/h4>\n<h4><strong>in Nordrhein-Westfalen<\/strong><\/h4>\n<\/td>\n<\/tr>\n<tr>\n<td><a href=\"https:\/\/becker-gastro.de\/UB\/wp-content\/uploads\/2012\/02\/Agb.hp_.ref_.ol_.2105.jpg\"><img decoding=\"async\" loading=\"lazy\" class=\"alignleft size-full wp-image-2696\" title=\"SONY DSC\" src=\"https:\/\/becker-gastro.de\/UB\/wp-content\/uploads\/2012\/02\/Agb.hp_.ref_.ol_.2105.jpg\" alt=\"\" width=\"300\" height=\"200\" \/><\/a><\/td>\n<td>\n<h4><span style=\"color: #ff6600;\"><strong>Verkauft:<\/strong><\/span><\/h4>\n<h4><span style=\"color: #000080;\"><strong>34 Zimmer****:<\/strong><\/span> <span style=\"color: #000000;\"><strong>Hotel &amp; Rest.<\/strong><\/span><\/h4>\n<h4><strong>&#8220;Grotehof&#8221; <\/strong><\/h4>\n<h4><strong>(1.136 m\u00b2)<\/strong><\/h4>\n<h4><strong>in Minden\/Ostwestfalen<\/strong><\/h4>\n<h4><strong>in Nordrhein-Westfalen<\/strong><\/h4>\n<\/td>\n<\/tr>\n<tr>\n<td><a href=\"https:\/\/becker-gastro.de\/UB\/wp-content\/uploads\/2012\/02\/B64Refer.ol_..jpg\"><img decoding=\"async\" loading=\"lazy\" class=\"alignleft size-full wp-image-2659\" title=\"B64Refer.ol.\" src=\"https:\/\/becker-gastro.de\/UB\/wp-content\/uploads\/2012\/02\/B64Refer.ol_..jpg\" alt=\"\" width=\"300\" height=\"203\" \/><\/a><\/td>\n<td>\n<h4><span style=\"color: #ff6600;\"><strong>Verpachtet:<\/strong><\/span><\/h4>\n<h4><span style=\"color: #000080;\"><strong>650 Pl\u00e4tze:<\/strong><\/span> <span style=\"color: #000000;\"><strong>Diskothek<\/strong><\/span><\/h4>\n<h4><strong>&#8220;B64<\/strong><strong>&#8221; <\/strong><\/h4>\n<h4><strong>(1.130 m\u00b2)<\/strong><\/h4>\n<h4><strong>in Holzminden<\/strong><\/h4>\n<h4><strong>in Niedersachsen<\/strong><\/h4>\n<\/td>\n<\/tr>\n<tr>\n<td><a href=\"https:\/\/becker-gastro.de\/UB\/wp-content\/uploads\/2012\/02\/kKHH.olkl_.sl_.788.jpg\"><img decoding=\"async\" loading=\"lazy\" class=\"alignleft size-full wp-image-2491\" title=\"SONY DSC\" src=\"https:\/\/becker-gastro.de\/UB\/wp-content\/uploads\/2012\/02\/kKHH.olkl_.sl_.788.jpg\" alt=\"\" width=\"300\" height=\"199\" srcset=\"https:\/\/becker-gastro.de\/UB\/wp-content\/uploads\/2012\/02\/kKHH.olkl_.sl_.788.jpg 370w, https:\/\/becker-gastro.de\/UB\/wp-content\/uploads\/2012\/02\/kKHH.olkl_.sl_.788-300x199.jpg 300w\" sizes=\"(max-width: 300px) 100vw, 300px\" \/><\/a><\/td>\n<td>\n<h4><span style=\"color: #ff6600;\"><strong>Verpachtet:<\/strong><\/span><\/h4>\n<h4><span style=\"color: #000080;\"><strong>12 Zimmer:<\/strong><\/span><strong> <span style=\"color: #000000;\">Hotel<\/span><\/strong><\/h4>\n<h4><strong>&#8220;Hellenthaler Hof&#8221; <\/strong><\/h4>\n<h4><strong>(540 m\u00b2)<\/strong><\/h4>\n<h4><strong>in Hellenthal <\/strong><\/h4>\n<h4><strong>in Nordrhein-Westfalen<\/strong><\/h4>\n<\/td>\n<\/tr>\n<tr>\n<td><a href=\"https:\/\/becker-gastro.de\/UB\/wp-content\/uploads\/2012\/02\/2GDCG.Referenz.ol_.874.jpg\"><img decoding=\"async\" loading=\"lazy\" class=\"alignleft size-full wp-image-2557\" title=\"SONY DSC\" src=\"https:\/\/becker-gastro.de\/UB\/wp-content\/uploads\/2012\/02\/2GDCG.Referenz.ol_.874.jpg\" alt=\"\" width=\"300\" height=\"200\" \/><\/a><\/td>\n<td>\n<h4><span style=\"color: #ff6600;\"><strong>Verpachtet:<\/strong><\/span><\/h4>\n<h4><span style=\"color: #000080;\"><strong>850 Pl\u00e4tze:<\/strong><\/span> <span style=\"color: #000000;\"><strong>Diskothek<\/strong><\/span><\/h4>\n<h4><strong>&#8220;Dancing Club<\/strong><strong>&#8221; <\/strong><\/h4>\n<h4><strong>(840 m\u00b2)<\/strong><\/h4>\n<h4><strong>in Karlsh\u00f6fen<\/strong><\/h4>\n<h4><strong>in Niedersachsen<\/strong><\/h4>\n<\/td>\n<\/tr>\n<tr>\n<td><a href=\"https:\/\/becker-gastro.de\/UB\/wp-content\/uploads\/2012\/02\/pa.ubRe_.840.ol_..jpg\"><img decoding=\"async\" loading=\"lazy\" class=\"alignleft size-full wp-image-2481\" title=\"pa.ubRe.840.ol.\" src=\"https:\/\/becker-gastro.de\/UB\/wp-content\/uploads\/2012\/02\/pa.ubRe_.840.ol_..jpg\" alt=\"\" width=\"305\" height=\"230\" \/><\/a><\/td>\n<td>\n<h4><span style=\"color: #ff6600;\"><strong>Verkauft:<\/strong><\/span><\/h4>\n<h4><span style=\"color: #000080;\"><strong>12 Zimmer:<\/strong><\/span> <span style=\"color: #000000;\"><strong>Hotel &amp; Rest.<\/strong><\/span><\/h4>\n<h4><strong>&#8220;Pauli<\/strong><strong>&#8221; <\/strong><\/h4>\n<h4><strong>(1309 m\u00b2)<\/strong><\/h4>\n<h4><strong>in M\u00fcnster<\/strong><\/h4>\n<h4><strong>in Nordrhein-Westfalen<\/strong><\/h4>\n<\/td>\n<\/tr>\n<tr>\n<td><a href=\"https:\/\/becker-gastro.de\/UB\/wp-content\/uploads\/2012\/02\/LmpH.ubRe_.ol_.jpg\"><img decoding=\"async\" loading=\"lazy\" class=\"alignleft size-full wp-image-2480\" title=\"LmpH.ubRe.ol\" src=\"https:\/\/becker-gastro.de\/UB\/wp-content\/uploads\/2012\/02\/LmpH.ubRe_.ol_.jpg\" alt=\"\" width=\"300\" height=\"203\" \/><\/a><\/td>\n<td>\n<h4><span style=\"color: #ff6600;\"><strong>Verpachtet:<\/strong><\/span><\/h4>\n<h4><span style=\"color: #000080;\"><strong>160 Pl\u00e4tze:<\/strong><\/span> <span style=\"color: #000000;\"><strong>Restaurant<\/strong><\/span><\/h4>\n<h4><strong>&#8220;zum Bahnhof<\/strong><strong>&#8221; <\/strong><\/h4>\n<h4><strong>(434 m\u00b2)<\/strong><\/h4>\n<h4><strong>in K\u00f6ln-Auweiler<\/strong><\/h4>\n<h4><strong>in Nordrhein-Westfalen<\/strong><\/h4>\n<\/td>\n<\/tr>\n<tr>\n<td><a href=\"https:\/\/becker-gastro.de\/UB\/wp-content\/uploads\/2012\/02\/1Bist.ubRe-.ol_.171..jpg\"><img decoding=\"async\" loading=\"lazy\" class=\"alignleft size-full wp-image-2479\" title=\"SONY DSC\" src=\"https:\/\/becker-gastro.de\/UB\/wp-content\/uploads\/2012\/02\/1Bist.ubRe-.ol_.171..jpg\" alt=\"\" width=\"300\" height=\"200\" \/><\/a><\/td>\n<td>\n<h4><span style=\"color: #ff6600;\"><strong>Verpachtet:<\/strong><\/span><\/h4>\n<h4><span style=\"color: #000080;\"><strong>90 Pl\u00e4tze:<\/strong><\/span> <span style=\"color: #000000;\"><strong>Bistro<\/strong><\/span><\/h4>\n<h4><strong>&#8220;Sahnest\u00fcck<\/strong><strong>&#8221; <\/strong><\/h4>\n<h4><strong>(114 m\u00b2)<\/strong><\/h4>\n<h4><strong>in Holzminden<\/strong><\/h4>\n<h4><strong>in Niedersachsen<\/strong><\/h4>\n<\/td>\n<\/tr>\n<tr>\n<td><a href=\"https:\/\/becker-gastro.de\/UB\/wp-content\/uploads\/2012\/02\/nH.Sl_.kh_.olhp_.jpg\"><img decoding=\"async\" loading=\"lazy\" width=\"420\" height=\"280\" class=\"alignleft size-full wp-image-2185\" style=\"width: 100%; height: auto;\" title=\"nH.Sl.kh.olhp\" src=\"https:\/\/becker-gastro.de\/UB\/wp-content\/uploads\/2012\/02\/nH.Sl_.kh_.olhp_.jpg\" alt=\"\" srcset=\"https:\/\/becker-gastro.de\/UB\/wp-content\/uploads\/2012\/02\/nH.Sl_.kh_.olhp_.jpg 420w, https:\/\/becker-gastro.de\/UB\/wp-content\/uploads\/2012\/02\/nH.Sl_.kh_.olhp_-300x200.jpg 300w\" sizes=\"(max-width: 420px) 100vw, 420px\" \/><\/a><\/td>\n<td>\n<h4><span style=\"color: #ff6600;\"><strong>Verkauft:<\/strong><\/span><\/h4>\n<h4><span style=\"color: #000080;\"><strong>14 Zimmer:<\/strong><\/span><strong> <span style=\"color: #000000;\">Hotel Garni<\/span><\/strong><\/h4>\n<h4><strong>&#8220;Pension<\/strong><strong> Koppenh\u00f6ver&#8221; <\/strong><\/h4>\n<h4><strong>(1012 m\u00b2)<\/strong><\/h4>\n<h4><strong>in Willingen\/Usseln<\/strong><\/h4>\n<h4><strong>in Hessen<\/strong><\/h4>\n<\/td>\n<\/tr>\n<tr>\n<td><a href=\"https:\/\/becker-gastro.de\/UB\/wp-content\/uploads\/2012\/02\/1.HiPf_.rf1079.ol_.jpg\"><img decoding=\"async\" loading=\"lazy\" class=\"alignleft size-full wp-image-2055\" title=\"1.HiPf.rf1079.ol\" src=\"https:\/\/becker-gastro.de\/UB\/wp-content\/uploads\/2012\/02\/1.HiPf_.rf1079.ol_.jpg\" alt=\"\" width=\"300\" height=\"225\" \/><\/a><\/td>\n<td>\n<h4><span style=\"color: #ff6600;\"><strong>Verkauft:<\/strong><\/span><\/h4>\n<h4><span style=\"color: #000080;\"><strong>10 Zimmer:<\/strong><\/span><strong> <span style=\"color: #000000;\">Pension<\/span> <\/strong><\/h4>\n<h4><strong>&#8220;Hennenhof&#8221; <\/strong><\/h4>\n<h4><strong>(2850 m\u00b2)<\/strong><\/h4>\n<h4><strong>in Stadtoldendorf<\/strong><\/h4>\n<h4><strong>in Niedersachsen<\/strong><\/h4>\n<\/td>\n<\/tr>\n<tr>\n<td><a href=\"https:\/\/becker-gastro.de\/UB\/wp-content\/uploads\/2012\/02\/WkTdHol.ref_.jpg\"><img decoding=\"async\" loading=\"lazy\" class=\"alignleft size-full wp-image-2053\" title=\"WkTdHol.ref\" src=\"https:\/\/becker-gastro.de\/UB\/wp-content\/uploads\/2012\/02\/WkTdHol.ref_.jpg\" alt=\"\" width=\"201\" height=\"240\" \/><\/a><\/td>\n<td>\n<h4><span style=\"color: #ff6600;\"><strong>Verkauft:<\/strong><\/span><\/h4>\n<h4><span style=\"color: #000080;\"><strong>26 Zimmer****<\/strong><\/span><span style=\"color: #000080;\"><strong>:<\/strong><\/span><strong> <span style=\"color: #000000;\">Hotel Garni<\/span><\/strong><\/h4>\n<h4><strong>&#8220;Wagnitz&#8221; <\/strong><\/h4>\n<h4><strong>(1030 m\u00b2)<\/strong><\/h4>\n<h4><strong>in Bad Salzuflen<\/strong><\/h4>\n<h4><strong>in Nordrhein-Westfalen<\/strong><\/h4>\n<\/td>\n<\/tr>\n<tr>\n<td><a href=\"https:\/\/becker-gastro.de\/UB\/wp-content\/uploads\/2012\/01\/DAS-Haus-Seitenansicht.o.l..jpg\"><img decoding=\"async\" loading=\"lazy\" width=\"620\" height=\"470\" class=\"alignleft size-full wp-image-2030\" style=\"width: 100%; height: auto;\" title=\"DAS Haus - Seitenansicht.o.l.\" src=\"https:\/\/becker-gastro.de\/UB\/wp-content\/uploads\/2012\/01\/DAS-Haus-Seitenansicht.o.l..jpg\" alt=\"\" srcset=\"https:\/\/becker-gastro.de\/UB\/wp-content\/uploads\/2012\/01\/DAS-Haus-Seitenansicht.o.l..jpg 620w, https:\/\/becker-gastro.de\/UB\/wp-content\/uploads\/2012\/01\/DAS-Haus-Seitenansicht.o.l.-300x227.jpg 300w\" sizes=\"(max-width: 620px) 100vw, 620px\" \/><\/a><\/td>\n<td>\n<h4><span style=\"color: #ff6600;\"><strong>Verpachtet:<\/strong><\/span><\/h4>\n<h4><span style=\"color: #000080;\"><strong>320 Pl\u00e4tze:<\/strong><\/span> <span style=\"color: #000000;\"><strong>Restaurant<\/strong><\/span><\/h4>\n<h4><strong>&#8220;zur gro\u00dfen Aussicht&#8221; <\/strong><\/h4>\n<h4><strong>(5440 m\u00b2) <\/strong><\/h4>\n<h4><strong>in Fr\u00f6ndenberg<\/strong><\/h4>\n<h4><strong>in Nordrhein-Westfalen<\/strong><\/h4>\n<\/td>\n<\/tr>\n<tr>\n<td><a href=\"https:\/\/becker-gastro.de\/UB\/wp-content\/uploads\/2011\/01\/RPPol2530hpsl1.jpg\"><img decoding=\"async\" loading=\"lazy\" width=\"420\" height=\"279\" class=\"alignleft size-full wp-image-2014\" style=\"width: 100%; height: auto;\" title=\"SONY DSC\" src=\"https:\/\/becker-gastro.de\/UB\/wp-content\/uploads\/2011\/01\/RPPol2530hpsl1.jpg\" alt=\"\" srcset=\"https:\/\/becker-gastro.de\/UB\/wp-content\/uploads\/2011\/01\/RPPol2530hpsl1.jpg 420w, https:\/\/becker-gastro.de\/UB\/wp-content\/uploads\/2011\/01\/RPPol2530hpsl1-300x199.jpg 300w\" sizes=\"(max-width: 420px) 100vw, 420px\" \/><\/a><\/td>\n<td>\n<h4><span style=\"color: #ff6600;\"><strong>Verkauft:<\/strong><\/span><\/h4>\n<h4><span style=\"color: #000080;\"><strong>65 Pl\u00e4tze:<\/strong><\/span> <span style=\"color: #000000;\"><strong>Restaurant<\/strong><\/span><\/h4>\n<h4><strong>&#8220;Pfefferm\u00fchle&#8221; <\/strong><\/h4>\n<h4><strong>(<\/strong><strong>Denkmal \/ <\/strong><strong>240 m\u00b2) <\/strong><\/h4>\n<h4><strong>in Waldeck-Frankenberg<\/strong><\/h4>\n<h4><strong>in Hessen<\/strong><\/h4>\n<\/td>\n<\/tr>\n<tr>\n<td><a href=\"https:\/\/becker-gastro.de\/UB\/wp-content\/uploads\/2012\/02\/2.DER-Biergarten-217.jpg\"><img decoding=\"async\" loading=\"lazy\" width=\"900\" height=\"599\" class=\"alignleft size-full wp-image-2042\" style=\"width: 100%; height: auto;\" title=\"SONY DSC\" src=\"https:\/\/becker-gastro.de\/UB\/wp-content\/uploads\/2012\/02\/2.DER-Biergarten-217.jpg\" alt=\"\" srcset=\"https:\/\/becker-gastro.de\/UB\/wp-content\/uploads\/2012\/02\/2.DER-Biergarten-217.jpg 900w, https:\/\/becker-gastro.de\/UB\/wp-content\/uploads\/2012\/02\/2.DER-Biergarten-217-300x200.jpg 300w, https:\/\/becker-gastro.de\/UB\/wp-content\/uploads\/2012\/02\/2.DER-Biergarten-217-768x511.jpg 768w\" sizes=\"(max-width: 900px) 100vw, 900px\" \/><\/a><\/td>\n<td>\n<h4><span style=\"color: #ff6600;\"><strong>Verpachtet:<\/strong><\/span><\/h4>\n<h4><span style=\"color: #000080;\"><strong>270 Pl\u00e4tze:<\/strong><\/span> <span style=\"color: #000000;\"><strong>Restaurant<\/strong><\/span><\/h4>\n<h4><strong>&#8220;Am Park&#8221; <\/strong><\/h4>\n<h4><strong>(1440 m\u00b2) <\/strong><\/h4>\n<h4><strong>in M\u00f6nchengladbach<\/strong><\/h4>\n<h4><strong>in Nordrhein-Westfalen<\/strong><\/h4>\n<\/td>\n<\/tr>\n<tr>\n<td><a href=\"https:\/\/becker-gastro.de\/UB\/wp-content\/uploads\/2011\/01\/Die-Villa.ol_....jpg\"><img decoding=\"async\" loading=\"lazy\" width=\"620\" height=\"470\" class=\"alignleft size-full wp-image-2011\" style=\"width: 100%; height: auto;\" title=\"Die Villa.ol...\" src=\"https:\/\/becker-gastro.de\/UB\/wp-content\/uploads\/2011\/01\/Die-Villa.ol_....jpg\" alt=\"\" srcset=\"https:\/\/becker-gastro.de\/UB\/wp-content\/uploads\/2011\/01\/Die-Villa.ol_....jpg 620w, https:\/\/becker-gastro.de\/UB\/wp-content\/uploads\/2011\/01\/Die-Villa.ol_...-300x227.jpg 300w\" sizes=\"(max-width: 620px) 100vw, 620px\" \/><\/a><\/td>\n<td>\n<h4><span style=\"color: #ff6600;\"><strong>Verkauft:<\/strong><\/span><\/h4>\n<h4><span style=\"color: #000080;\"><strong>210 Pl\u00e4tze:<\/strong><\/span> <span style=\"color: #000000;\"><strong>Ristorant<\/strong>e<\/span><\/h4>\n<h4><strong>&#8220;La Villa&#8221; <\/strong><\/h4>\n<h4><strong>(440 m\u00b2)<\/strong><\/h4>\n<h4><strong>in Dietz <\/strong><\/h4>\n<h4><strong>in Rheinland-Pfalz<\/strong><\/h4>\n<\/td>\n<\/tr>\n<tr>\n<td><a href=\"https:\/\/becker-gastro.de\/UB\/wp-content\/uploads\/2011\/01\/HCPzCPl.ol_..jpg\"><img decoding=\"async\" loading=\"lazy\" width=\"500\" height=\"378\" class=\"alignleft size-full wp-image-2010\" style=\"width: 100%; height: auto;\" title=\"HCPzCPl.ol.\" src=\"https:\/\/becker-gastro.de\/UB\/wp-content\/uploads\/2011\/01\/HCPzCPl.ol_..jpg\" alt=\"\" srcset=\"https:\/\/becker-gastro.de\/UB\/wp-content\/uploads\/2011\/01\/HCPzCPl.ol_..jpg 500w, https:\/\/becker-gastro.de\/UB\/wp-content\/uploads\/2011\/01\/HCPzCPl.ol_.-300x227.jpg 300w\" sizes=\"(max-width: 500px) 100vw, 500px\" \/><\/a><\/td>\n<td>\n<h4><span style=\"color: #ff6600;\"><strong>Verkauft:<\/strong><\/span><\/h4>\n<h4><span style=\"color: #000080;\"><strong>2.300 Pl\u00e4tze:<\/strong><\/span><strong> <span style=\"color: #000000;\">Campingplatz<\/span> <\/strong><\/h4>\n<h4><strong>&#8220;Wiesenfroh&#8221; <\/strong><\/h4>\n<h4><strong>(18.500 m\u00b2)<\/strong><\/h4>\n<h4><strong>in Brauel<\/strong><\/h4>\n<h4><strong>in Niedersachsen<\/strong><\/h4>\n<\/td>\n<\/tr>\n<tr>\n<td><a href=\"https:\/\/becker-gastro.de\/UB\/wp-content\/uploads\/2011\/01\/nBfR.9Saaleinblicke.hprefol.2629.jpg\"><img decoding=\"async\" loading=\"lazy\" width=\"300\" height=\"111\" class=\"alignleft size-full wp-image-1905\" style=\"width: 100%; height: auto;\" title=\"nBfR.9Saaleinblicke.hprefol.2629\" src=\"https:\/\/becker-gastro.de\/UB\/wp-content\/uploads\/2011\/01\/nBfR.9Saaleinblicke.hprefol.2629.jpg\" alt=\"\" \/><\/a><\/td>\n<td>\n<h4><span style=\"color: #ff6600;\"><strong>Verpachtet:<\/strong><\/span><\/h4>\n<h4><span style=\"color: #000080;\"><strong>180 Pl\u00e4tze:<\/strong><\/span> <span style=\"color: #000000;\"><strong>Restaurant<\/strong><\/span><\/h4>\n<h4><strong>&#8220;Friedrich&#8221; <\/strong><\/h4>\n<h4><strong>(330 m\u00b2) <\/strong><\/h4>\n<h4><strong>in Velbert <\/strong><\/h4>\n<h4><strong>in Nordrhein-Westfalen<\/strong><\/h4>\n<\/td>\n<\/tr>\n<tr>\n<td><a href=\"https:\/\/becker-gastro.de\/UB\/wp-content\/uploads\/2011\/01\/SCas_ol_hp_web_164.jpg\"><img decoding=\"async\" loading=\"lazy\" class=\"alignnone wp-image-1332 size-full\" style=\"width: 100%; height: auto;\" title=\"Crazy Sushi\" src=\"https:\/\/becker-gastro.de\/UB\/wp-content\/uploads\/2011\/01\/SCas_ol_hp_web_164.jpg\" alt=\"\" width=\"680\" height=\"415\" srcset=\"https:\/\/becker-gastro.de\/UB\/wp-content\/uploads\/2011\/01\/SCas_ol_hp_web_164.jpg 680w, https:\/\/becker-gastro.de\/UB\/wp-content\/uploads\/2011\/01\/SCas_ol_hp_web_164-300x183.jpg 300w\" sizes=\"(max-width: 680px) 100vw, 680px\" \/><\/a><\/td>\n<td>\n<h4><span style=\"color: #ff6600;\"><strong>Verkauft:<\/strong><\/span><\/h4>\n<h4><span style=\"color: #000080;\"><strong>90 Pl\u00e4tze:<\/strong><\/span> <span style=\"color: #000000;\"><strong>Bistro<\/strong><\/span><\/h4>\n<h4><strong>&#8220;Crazy Sushi&#8221; <\/strong><\/h4>\n<h4><strong>(95 m\u00b2) <\/strong><\/h4>\n<h4><strong>in Aachen <\/strong><\/h4>\n<h4><strong>in Nordrhein-Westfalen<\/strong><\/h4>\n<\/td>\n<\/tr>\n<tr>\n<td><a href=\"https:\/\/becker-gastro.de\/UB\/wp-content\/uploads\/2011\/01\/W-B-KG_DAS-Haus_olkl_web.jpg\"><img decoding=\"async\" loading=\"lazy\" width=\"280\" height=\"213\" class=\"alignleft size-full wp-image-1336\" style=\"width: 100%; height: auto;\" title=\"Restaurant &quot;zum Berg&quot; (620 m\u00b2) in Meinerzhagen\/NRW\" src=\"https:\/\/becker-gastro.de\/UB\/wp-content\/uploads\/2011\/01\/W-B-KG_DAS-Haus_olkl_web.jpg\" alt=\"\" \/><\/a><\/td>\n<td>\n<h4><span style=\"color: #ff6600;\"><strong>Verkauft:<\/strong><\/span><\/h4>\n<h4><span style=\"color: #000080;\"><strong>450 Pl\u00e4tze:<\/strong><\/span> <span style=\"color: #000000;\"><strong>Restaurant<\/strong><\/span><\/h4>\n<h4><strong>&#8220;zum Berg&#8221; <\/strong><\/h4>\n<h4><strong>(620 m\u00b2) <\/strong><\/h4>\n<h4><strong>in Meinerzhagen<\/strong><\/h4>\n<h4><strong>in Nordrhein-Westfalen<\/strong><\/h4>\n<\/td>\n<\/tr>\n<tr>\n<td><a href=\"https:\/\/becker-gastro.de\/UB\/wp-content\/uploads\/2011\/01\/DrHolrest_web.jpg\"><img decoding=\"async\" loading=\"lazy\" class=\"alignnone wp-image-1337 size-full\" style=\"width: 100%; height: auto;\" title=\"Restaurant &quot;Blumenhaus&quot; (320 m\u00b2)\" src=\"https:\/\/becker-gastro.de\/UB\/wp-content\/uploads\/2011\/01\/DrHolrest_web.jpg\" alt=\"\" width=\"560\" height=\"425\" srcset=\"https:\/\/becker-gastro.de\/UB\/wp-content\/uploads\/2011\/01\/DrHolrest_web.jpg 560w, https:\/\/becker-gastro.de\/UB\/wp-content\/uploads\/2011\/01\/DrHolrest_web-300x228.jpg 300w\" sizes=\"(max-width: 560px) 100vw, 560px\" \/><\/a><\/td>\n<td>\n<h4><span style=\"color: #ff6600;\"><strong>Verpachtet:<\/strong><\/span><\/h4>\n<h4><span style=\"color: #000080;\"><strong>150 Pl\u00e4tze:<\/strong><\/span> <span style=\"color: #000000;\"><strong>Restaurant<\/strong><\/span><\/h4>\n<h4><strong>&#8220;Blumenthal&#8221; <\/strong><\/h4>\n<h4><strong>(320 m\u00b2)<\/strong><\/h4>\n<h4><strong>in Krefeld<\/strong><\/h4>\n<h4><strong>in Nordrhein-Westfalen<\/strong><\/h4>\n<\/td>\n<\/tr>\n<tr>\n<td><a href=\"https:\/\/becker-gastro.de\/UB\/wp-content\/uploads\/2012\/02\/BBB.i.ol_..jpg\"><img decoding=\"async\" loading=\"lazy\" width=\"377\" height=\"286\" class=\"alignleft size-full wp-image-2036\" style=\"width: 100%; height: auto;\" title=\"BBB.i.ol.\" src=\"https:\/\/becker-gastro.de\/UB\/wp-content\/uploads\/2012\/02\/BBB.i.ol_..jpg\" alt=\"\" srcset=\"https:\/\/becker-gastro.de\/UB\/wp-content\/uploads\/2012\/02\/BBB.i.ol_..jpg 377w, https:\/\/becker-gastro.de\/UB\/wp-content\/uploads\/2012\/02\/BBB.i.ol_.-300x228.jpg 300w\" sizes=\"(max-width: 377px) 100vw, 377px\" \/><\/a><\/td>\n<td>\n<h4><span style=\"color: #ff6600;\"><strong>Verkauft:<\/strong><\/span><\/h4>\n<h4><span style=\"color: #000080;\"><strong>110 Pl\u00e4tze:<\/strong><\/span> <span style=\"color: #000000;\"><strong>Bistro<\/strong><\/span><\/h4>\n<h4><strong>&#8220;Am DOM&#8221; <\/strong><\/h4>\n<h4><strong>(210 Pl\u00e4tze)<\/strong><\/h4>\n<h4>i<strong>n Aachen <\/strong><\/h4>\n<h4><strong>in Nordrhein-Westfalen<\/strong><\/h4>\n<\/td>\n<\/tr>\n<tr>\n<td><a href=\"https:\/\/becker-gastro.de\/UB\/wp-content\/uploads\/2011\/01\/KTChHm_606_ol_kl_hpweb.jpg\"><img decoding=\"async\" loading=\"lazy\" width=\"290\" height=\"220\" class=\"alignleft size-full wp-image-1338\" style=\"width: 100%; height: auto;\" title=\"Chinarestaurant &quot;Lucky Crown&quot; (500 m\u00b2)\" src=\"https:\/\/becker-gastro.de\/UB\/wp-content\/uploads\/2011\/01\/KTChHm_606_ol_kl_hpweb.jpg\" alt=\"\" \/><\/a><\/td>\n<td>\n<h4><span style=\"color: #ff6600;\"><strong>Verpachtet:<\/strong><\/span><\/h4>\n<h4><span style=\"color: #000080;\"><strong>150 Pl\u00e4tze:<\/strong><\/span> <span style=\"color: #000000;\"><strong>China-Rest.<\/strong><\/span><\/h4>\n<h4><strong>&#8220;Lucky Crown&#8221; <\/strong><\/h4>\n<h4><strong>(500 m\u00b2)<\/strong><\/h4>\n<h4><strong>in Holzminden<\/strong><\/h4>\n<h4><strong>in Niedersachsen<\/strong><\/h4>\n<\/td>\n<\/tr>\n<tr>\n<td><a href=\"https:\/\/becker-gastro.de\/UB\/wp-content\/uploads\/2011\/01\/KlLHhpolLvkrfwebwebweb.jpg\"><img decoding=\"async\" loading=\"lazy\" width=\"270\" height=\"207\" class=\"alignleft size-full wp-image-1341\" style=\"width: 100%; height: auto;\" title=\"Lahnblick\" src=\"https:\/\/becker-gastro.de\/UB\/wp-content\/uploads\/2011\/01\/KlLHhpolLvkrfwebwebweb.jpg\" alt=\"\" \/><\/a><\/td>\n<td>\n<h4><span style=\"color: #ff6600;\"><strong>Verpachtkauft:<\/strong><\/span><\/h4>\n<h4><span style=\"color: #000080;\"><strong>12 Zimmer:<\/strong><\/span> <span style=\"color: #000000;\"><strong>Hotel &amp; Rest.<\/strong><\/span><\/h4>\n<h4><strong>&#8220;Lahnblick&#8221; <\/strong><\/h4>\n<h4><strong>(4350m\u00b2) <\/strong><\/h4>\n<h4><strong>in Balduinstein <\/strong><\/h4>\n<h4><strong>in Rheinland-Pfalz<\/strong><\/h4>\n<\/td>\n<\/tr>\n<tr>\n<td><a href=\"https:\/\/becker-gastro.de\/UB\/wp-content\/uploads\/2011\/01\/KLHref_bo_hpolchi_web.jpg\"><img decoding=\"async\" loading=\"lazy\" width=\"270\" height=\"188\" class=\"alignleft size-full wp-image-1342\" style=\"width: 100%; height: auto;\" title=\"Chinarestaurant &quot;Kaiser Garten&quot;\" src=\"https:\/\/becker-gastro.de\/UB\/wp-content\/uploads\/2011\/01\/KLHref_bo_hpolchi_web.jpg\" alt=\"\" \/><\/a><\/td>\n<td>\n<h4><span style=\"color: #ff6600;\"><strong>Verpachtet:<\/strong><\/span><\/h4>\n<h4><span style=\"color: #000080;\"><strong>250 Pl\u00e4tze:<\/strong><\/span> <span style=\"color: #000000;\"><strong>China-Rest.<\/strong><\/span><\/h4>\n<h4><strong>&#8220;Kaiser Garten&#8221; <\/strong><\/h4>\n<h4><strong>(500 m\u00b2) <\/strong><\/h4>\n<h4><strong>in Holzminden <\/strong><\/h4>\n<h4><strong>in Niedersachsen<\/strong><\/h4>\n<\/td>\n<\/tr>\n<tr>\n<td><a href=\"https:\/\/becker-gastro.de\/UB\/wp-content\/uploads\/2012\/02\/aKHH.ol_.9296.hpref_.jpg\"><img decoding=\"async\" loading=\"lazy\" class=\"alignleft size-full wp-image-2492\" title=\"aKHH.ol.9296.hpref\" src=\"https:\/\/becker-gastro.de\/UB\/wp-content\/uploads\/2012\/02\/aKHH.ol_.9296.hpref_.jpg\" alt=\"\" width=\"100%\" height=\"auto\" \/><\/a><\/td>\n<td>\n<h4><span style=\"color: #ff6600;\"><strong>Verpachtet:<\/strong><\/span><\/h4>\n<h4><span style=\"color: #000080;\"><strong>12 Zimmer:<\/strong><\/span><strong> <span style=\"color: #000000;\">Hotel<\/span> <\/strong><\/h4>\n<h4><strong>&#8220;Hellenthaler Hof&#8221; <\/strong><\/h4>\n<h4><strong>(540 m\u00b2)<\/strong><\/h4>\n<h4><strong>in Hellenthal <\/strong><\/h4>\n<h4><strong>in Nordrhein-Westfalen<\/strong><\/h4>\n<\/td>\n<\/tr>\n<tr>\n<td style=\"text-align: center;\"><a href=\"https:\/\/becker-gastro.de\/UB\/wp-content\/uploads\/2012\/02\/Im-Restaurant-direkt-am-Fluss...jpg\"><img decoding=\"async\" loading=\"lazy\" class=\"alignleft size-full wp-image-3347\" title=\"Im Restaurant direkt am Fluss..\" src=\"https:\/\/becker-gastro.de\/UB\/wp-content\/uploads\/2012\/02\/Im-Restaurant-direkt-am-Fluss...jpg\" alt=\"\" width=\"100%\" height=\"auto\" srcset=\"https:\/\/becker-gastro.de\/UB\/wp-content\/uploads\/2012\/02\/Im-Restaurant-direkt-am-Fluss...jpg 660w, https:\/\/becker-gastro.de\/UB\/wp-content\/uploads\/2012\/02\/Im-Restaurant-direkt-am-Fluss..-300x227.jpg 300w\" sizes=\"(max-width: 660px) 100vw, 660px\" \/><\/a><\/td>\n<td>\n<h4><span style=\"color: #ff6600;\"><strong>Verpachtet:<\/strong><\/span><\/h4>\n<h4><span style=\"color: #000080;\"><strong>85 Pl\u00e4tze:<\/strong><\/span> <span style=\"color: #000000;\"><strong>Restaurant<\/strong><\/span><\/h4>\n<h4><strong>&#8220;Rosenstolz&#8221;<\/strong><\/h4>\n<h4><strong>(250m\u00b2)<\/strong><\/h4>\n<h4><strong>in <\/strong><strong>Langenscheid <\/strong><\/h4>\n<h4><strong>in Rheinland-Pfalz<\/strong><\/h4>\n<\/td>\n<\/tr>\n<tr>\n<td><a href=\"https:\/\/becker-gastro.de\/UB\/wp-content\/uploads\/2011\/01\/LBRev11web1.jpg\"><img decoding=\"async\" loading=\"lazy\" width=\"230\" height=\"177\" class=\"alignleft size-full wp-image-1345\" style=\"width: 100%; height: auto;\" title=\" &quot;La Boum&quot;\" src=\"https:\/\/becker-gastro.de\/UB\/wp-content\/uploads\/2011\/01\/LBRev11web1.jpg\" alt=\"\" \/><\/a><\/td>\n<td>\n<h4><span style=\"color: #ff6600;\"><strong>Verpachtet:<\/strong><\/span><\/h4>\n<h4><span style=\"color: #000080;\"><strong>750 Pl\u00e4tze:<\/strong><\/span> <span style=\"color: #000000;\"><strong>Diskothek<\/strong><\/span><\/h4>\n<h4><strong>&#8220;La Boum&#8221; <\/strong><\/h4>\n<h4><strong>(1.500m\u00b2) <\/strong><\/h4>\n<h4><strong>in Bottrop<\/strong><\/h4>\n<h4><strong>in Nordrhein-Westfalen <\/strong><\/h4>\n<\/td>\n<\/tr>\n<tr>\n<td><a href=\"https:\/\/becker-gastro.de\/UB\/wp-content\/uploads\/2012\/02\/PoheBhp_ol.03421.jpg\"><img decoding=\"async\" loading=\"lazy\" width=\"420\" height=\"320\" class=\"alignleft size-full wp-image-2047\" style=\"width: 100%; height: auto;\" title=\"PoheBhp_ol.0342\" src=\"https:\/\/becker-gastro.de\/UB\/wp-content\/uploads\/2012\/02\/PoheBhp_ol.03421.jpg\" alt=\"\" srcset=\"https:\/\/becker-gastro.de\/UB\/wp-content\/uploads\/2012\/02\/PoheBhp_ol.03421.jpg 420w, https:\/\/becker-gastro.de\/UB\/wp-content\/uploads\/2012\/02\/PoheBhp_ol.03421-300x229.jpg 300w\" sizes=\"(max-width: 420px) 100vw, 420px\" \/><\/a><\/td>\n<td>\n<h4><span style=\"color: #ff6600;\"><strong>Verkauft:<\/strong><\/span><\/h4>\n<h4><span style=\"color: #000080;\"><strong>120 Pl\u00e4tze:<\/strong><\/span> <span style=\"color: #000000;\"><strong>Restaurant<\/strong><\/span><\/h4>\n<h4><strong>&#8220;Saloniki&#8221; <\/strong><\/h4>\n<h4><strong>(320 m\u00b2) <\/strong><\/h4>\n<h4><strong>in Dortmund<\/strong><\/h4>\n<h4><strong>in Nordrhein-Westfalen<\/strong><\/h4>\n<\/td>\n<\/tr>\n<tr>\n<td><a href=\"https:\/\/becker-gastro.de\/UB\/wp-content\/uploads\/2011\/01\/RC_Rev_12web3.jpg\"><img decoding=\"async\" loading=\"lazy\" width=\"220\" height=\"170\" class=\"alignleft size-full wp-image-1346\" style=\"width: 100%; height: auto;\" title=\"Route Center\" src=\"https:\/\/becker-gastro.de\/UB\/wp-content\/uploads\/2011\/01\/RC_Rev_12web3.jpg\" alt=\"\" \/><\/a><\/td>\n<td>\n<h4><span style=\"color: #ff6600;\"><strong>Verkauft:<\/strong><\/span><\/h4>\n<h4><span style=\"color: #000080;\"><strong>1600 Pl\u00e4tze:<\/strong><\/span> <span style=\"color: #000000;\"><strong>Diskothek<\/strong><\/span><\/h4>\n<h4><strong>&#8220;Route Center&#8221; <\/strong><\/h4>\n<h4><strong>(3.500m\u00b2)<\/strong><\/h4>\n<h4><strong>in Duisburg <\/strong><\/h4>\n<h4><strong>in Nordrhein-Westfalen<\/strong><\/h4>\n<\/td>\n<\/tr>\n<tr>\n<td><a href=\"https:\/\/becker-gastro.de\/UB\/wp-content\/uploads\/2011\/01\/Ch_Rev_5web6.jpg\"><img decoding=\"async\" loading=\"lazy\" width=\"230\" height=\"178\" class=\"alignleft size-full wp-image-1347\" style=\"width: 100%; height: auto;\" title=\"Chinarestaurant &quot;Peking Garden&quot; \" src=\"https:\/\/becker-gastro.de\/UB\/wp-content\/uploads\/2011\/01\/Ch_Rev_5web6.jpg\" alt=\"\" \/><\/a><\/td>\n<td>\n<h4><span style=\"color: #ff6600;\"><strong>Verpachtet:<\/strong><\/span><\/h4>\n<h4><span style=\"color: #000080;\"><strong>350 Pl\u00e4tze:<\/strong><\/span> <span style=\"color: #000000;\"><strong>China-Rest.<\/strong><\/span><\/h4>\n<h4><strong>&#8220;Peking Garden&#8221; <\/strong><\/h4>\n<h4><strong>(260 Pl\u00e4tze) <\/strong><\/h4>\n<h4><strong>in Holzminden<br \/><\/strong><\/h4>\n<h4><strong>in Niedersachsen <\/strong><\/h4>\n<\/td>\n<\/tr>\n<tr>\n<td><a href=\"https:\/\/becker-gastro.de\/UB\/wp-content\/uploads\/2011\/01\/DhZ_olhp784Lrevweb.jpg\"><img decoding=\"async\" loading=\"lazy\" width=\"260\" height=\"200\" class=\"alignleft size-full wp-image-1348\" style=\"width: 100%; height: auto;\" title=\"Steakhouse &quot;Dragans&quot; \" src=\"https:\/\/becker-gastro.de\/UB\/wp-content\/uploads\/2011\/01\/DhZ_olhp784Lrevweb.jpg\" alt=\"\" \/><\/a><\/td>\n<td>\n<h4><span style=\"color: #ff6600;\"><strong>Verkauft:<\/strong><\/span><\/h4>\n<h4><span style=\"color: #000080;\"><strong>150 Pl\u00e4tze:<\/strong><\/span> <span style=\"color: #000000;\"><strong>Steakhouse<\/strong><\/span><\/h4>\n<h4><strong>&#8220;Dragans&#8221; <\/strong><\/h4>\n<h4><strong>(380m\u00b2) <\/strong><\/h4>\n<h4><strong>in Duisburg <\/strong><\/h4>\n<h4><strong>in Nordrhein-Westfalen<\/strong><\/h4>\n<\/td>\n<\/tr>\n<tr>\n<td><a href=\"https:\/\/becker-gastro.de\/UB\/wp-content\/uploads\/2011\/01\/HstTF125_webweb.jpg\"><img decoding=\"async\" loading=\"lazy\" width=\"252\" height=\"175\" class=\"alignleft size-full wp-image-1349\" style=\"width: 100%; height: auto;\" title=\"Diskothek &quot;b64 WMC&quot;\" src=\"https:\/\/becker-gastro.de\/UB\/wp-content\/uploads\/2011\/01\/HstTF125_webweb.jpg\" alt=\"\" \/><\/a><\/td>\n<td>\n<h4><span style=\"color: #ff6600;\"><strong>Verpachtet:<\/strong><\/span><\/h4>\n<h4><span style=\"color: #000080;\"><strong>650 Pl\u00e4tze:<\/strong><\/span> <span style=\"color: #000000;\"><strong>Diskothek<\/strong><\/span><\/h4>\n<h4><strong>&#8220;b64 WMC&#8221; <\/strong><\/h4>\n<h4><strong>(850 m\u00b2) <\/strong><\/h4>\n<h4><strong>in Holzminden <\/strong><\/h4>\n<h4><strong>in Niedersachsen<\/strong><\/h4>\n<\/td>\n<\/tr>\n<tr>\n<td><a href=\"https:\/\/becker-gastro.de\/UB\/wp-content\/uploads\/2011\/01\/APPoR_ol_web.jpg\"><img decoding=\"async\" loading=\"lazy\" width=\"270\" height=\"208\" class=\"alignleft size-full wp-image-1350\" style=\"width: 100%; height: auto;\" title=\"Alpha Musik Parc\" src=\"https:\/\/becker-gastro.de\/UB\/wp-content\/uploads\/2011\/01\/APPoR_ol_web.jpg\" alt=\"\" \/><\/a><\/td>\n<td>\n<h4><span style=\"color: #ff6600;\"><strong>Verpachtet:<\/strong><\/span><\/h4>\n<h4><span style=\"color: #000080;\"><strong>1600 Pl\u00e4tze:<\/strong><\/span> <span style=\"color: #000000;\"><strong>Diskothek<\/strong><\/span><\/h4>\n<h4><strong>&#8220;Alpha Musik Parc&#8221; <\/strong><\/h4>\n<h4><strong>(4.100m\u00b2) <\/strong><\/h4>\n<h4><strong>in Duisburg <\/strong><\/h4>\n<h4><strong>in Nordrhein-Westfalen <\/strong><\/h4>\n<\/td>\n<\/tr>\n<tr>\n<td><a href=\"https:\/\/becker-gastro.de\/UB\/wp-content\/uploads\/2011\/01\/hpwr_8web.jpg\"><img decoding=\"async\" loading=\"lazy\" width=\"230\" height=\"160\" class=\"alignleft size-full wp-image-1351\" style=\"width: 100%; height: auto;\" title=\"gehobene K\u00fcche &quot;WIP&quot;\" src=\"https:\/\/becker-gastro.de\/UB\/wp-content\/uploads\/2011\/01\/hpwr_8web.jpg\" alt=\"\" \/><\/a><\/td>\n<td>\n<h4><span style=\"color: #ff6600;\"><strong>Verpachtet:<\/strong><\/span><\/h4>\n<h4><span style=\"color: #000080;\"><strong>250 Pl\u00e4tze:<\/strong><\/span><strong> <span style=\"color: #000000;\">Restaurant<\/span> <\/strong><\/h4>\n<h4><strong>&#8220;Wirtshaus im Park&#8221; <\/strong><\/h4>\n<h4><strong>(620 m\u00b2) <\/strong><\/h4>\n<h4><strong>in Willich<\/strong><\/h4>\n<h4><strong>in Nordrhein-Westfalen<\/strong><\/h4>\n<\/td>\n<\/tr>\n<tr>\n<td><a href=\"https:\/\/becker-gastro.de\/UB\/wp-content\/uploads\/2011\/01\/RBRev191web.jpg\"><img decoding=\"async\" loading=\"lazy\" width=\"230\" height=\"177\" class=\"alignleft size-full wp-image-1352\" style=\"width: 100%; height: auto;\" title=\"Bistro &quot;Stonhenge ~ Raffi\u00b4s Treff&quot;\" src=\"https:\/\/becker-gastro.de\/UB\/wp-content\/uploads\/2011\/01\/RBRev191web.jpg\" alt=\"\" \/><\/a><\/td>\n<td>\n<h4><span style=\"color: #ff6600;\"><strong>Verkauft:<\/strong><\/span><\/h4>\n<h4><span style=\"color: #000080;\"><strong>200 Pl\u00e4tze:<\/strong><\/span> <span style=\"color: #000000;\"><strong>Bistro<\/strong><\/span><\/h4>\n<h4><strong>&#8220;Raffis Treff&#8221; <\/strong><\/h4>\n<h4><strong>(240 m\u00b2) <\/strong><\/h4>\n<h4><strong>in Essen <\/strong><\/h4>\n<h4><strong>in Nordrhein-Westfalen<\/strong><\/h4>\n<\/td>\n<\/tr>\n<\/tbody>\n<\/table>\n<p><!--more--><\/p>\n<p><!--more--><\/p>\n<p style=\"text-align: center;\"><span style=\"color: #034e85;\"><strong>Mehr lesen?<\/strong><\/span><\/p>\n<p style=\"text-align: center;\"><strong><a href=\"https:\/\/becker-gastro.de\/UB\/ueber-uns\/beratungsreferenzen\/\"><span style=\"color: #993366;\">Zu unseren Beratungsreferenzen &gt;&gt;<\/span><\/a><\/strong><\/p>\n<p style=\"text-align: center;\"><span style=\"color: #034e85;\"><strong>Oder?<\/strong><\/span><\/p>\n<p style=\"text-align: center;\">Sie wollen selbst ver\u00e4u\u00dfern?<\/p>\n<p style=\"text-align: center;\">Sie suchen solvente <strong>K\u00e4ufer <\/strong>oder f\u00e4hige <strong>P\u00e4chter<\/strong>?<\/p>\n<p style=\"text-align: center;\">Sie wollen <strong>Diskretion <\/strong>bei gr\u00f6\u00dftm\u00f6glicher <strong>Transparenz <\/strong>Ihrer <strong>Interessenten<\/strong>?<\/p>\n<p style=\"text-align: center;\"><strong><a href=\"https:\/\/beckergastro.de\/maklerleistungen\/\" target=\"_blank\" rel=\"noopener\">Zu unseren Maklerleistungen im \u00dcberblick &gt;&gt;<\/a><\/strong><\/p>\n<p style=\"text-align: center;\">\u00a0<\/p>\n<h6>***Haftungsausschluss (Disclaimer) Wichtige Anmerkung: Einsichten &amp; Besichtigungen u.\u00e4. werden gerne gew\u00e4hrt und sind auch erw\u00fcnscht, denn hier in diesen Inseratstexten sind wie immer und verst\u00e4ndlicherweise, alle Angaben ohne Gew\u00e4hr. Eine Haftung f\u00fcr die Richtigkeit und Vollst\u00e4ndigkeit k\u00f6nnen wir nicht \u00fcbernehmen und ist ausgeschlossen. Irrtum und Zwischenverkauf bleibt immer vorbehalten obwohl die Angaben auf diesen Internetseiten gewissenhaft zusammengestellt worden sind. Leider k\u00f6nnen wir nicht ausschlie\u00dfen, dass sich Irrt\u00fcmer und Fehler eingeschlichen haben bzw. dass fehlerhafte Angaben von Dritten verarbeitet wurden. Wir \u00fcbernehmen deshalb keine Gew\u00e4hr f\u00fcr die Vollst\u00e4ndigkeit und Richtigkeit der gemachten Angaben. Alle Angebote sind freibleibend und unverbindlich. Der Autor beh\u00e4lt es sich ausdr\u00fccklich vor, Teile der Seiten oder das gesamte Angebot ohne gesonderte Ank\u00fcndigung zu ver\u00e4ndern, zu erg\u00e4nzen, zu l\u00f6schen oder die Ver\u00f6ffentlichung zeitweise oder endg\u00fcltig einzustellen. Die Becker GASTRO UB, ist als Inhaltsanbieter nach \u00a75 Abs.1 Mediendienste &#8211; Staatsvertrag und \u00a75 des Teledienste &#8211; Gesetzes f\u00fcr die \u00bbeigenen Inhalte\u00ab, die zur Nutzung bereit gehalten werden, nach den allgemeinen Gesetzen verantwortlich. Von diesen eigenen Inhalten sind Querverweise (\u00bbLinks\u00ab) auf die von anderen Anbietern bereitgehaltenen Inhalte zu unterscheiden. Durch den Querverweis h\u00e4lt der Anbieter insofern \u00bbfremde Inhalte\u00ab zur Nutzung bereit, die in dieser Weise gekennzeichnet sind: ~ Link ~ oder in der Form von Werbe- und\/oder Linkbanner ~ oder durch den Zusatz &#8220;Werbung&#8221; oder &#8220;Anzeige&#8221;. F\u00fcr diese fremden Inhalte ist der Anbieter nur dann verantwortlich, wenn er von ihnen (d.h. auch von einem rechtswidrigen bzw. strafbaren Inhalt) positive Kenntnis hat und es ihm technisch m\u00f6glich und zumutbar ist, deren Nutzung zu verhindern (\u00a75 Abs.2 Mediendienste &#8211; Staatsvertrag). Bei \u00bbLinks\u00ab handelt es sich allerdings stets um \u00bblebende\u00ab (dynamische) Verweisungen. Der Anbieter hat bei der erstmaligen Verkn\u00fcpfung zwar den fremden Inhalt daraufhin \u00fcberpr\u00fcft, ob durch ihn eine m\u00f6gliche zivilrechtliche oder strafrechtliche Verantwortlichkeit ausgel\u00f6st wird. Der Anbieter ist aber nicht dazu verpflichtet, die Inhalte, auf die er in seinem Angebot verweist, st\u00e4ndig auf Ver\u00e4nderungen zu \u00fcberpr\u00fcfen, die eine Verantwortlichkeit neu begr\u00fcnden k\u00f6nnten. Erst wenn der Anbieter feststellt oder von anderen darauf hingewiesen wird, dass ein konkretes Angebot, zu dem er einen Link bereitgestellt hat, eine zivil- oder strafrechtliche Verantwortlichkeit ausl\u00f6st, wird er den Verweis auf dieses Angebot aufheben, soweit ihm dies technisch m\u00f6glich und zumutbar ist. Die technische M\u00f6glichkeit und Zumutbarkeit wird nicht dadurch beeinflusst, dass auch nach Unterbindung des Zugriffs von der Homepage des Anbieters von anderen Servern aus auf das rechtswidrige oder strafbare Angebot zugegriffen werden kann. Dieser Haftungsausschluss ist als Teil des Internetangebotes zu betrachten, von dem aus auf diese Seite verwiesen wurde. Sofern Teile oder einzelne Formulierungen dieses Textes der geltenden Rechtslage nicht, nicht mehr oder nicht vollst\u00e4ndig entsprechen sollten, bleiben die \u00fcbrigen Teile des Dokumentes in ihrem Inhalt und ihrer G\u00fcltigkeit davon unber\u00fchrt.<\/h6>\n<h6>Datenschutz Wichtige Anmerkung: Sofern innerhalb des Internetangebotes die M\u00f6glichkeit zur Eingabe pers\u00f6nlicher oder gesch\u00e4ftlicher Daten (Emailadressen, Namen, Anschriften) besteht, so erfolgt die Preisgabe dieser Daten seitens des Nutzers auf ausdr\u00fccklich freiwilliger Basis. Die Inanspruchnahme und Bezahlung aller angebotenen Dienste ist &#8211; soweit technisch m\u00f6glich und zumutbar &#8211; auch ohne Angabe solcher Daten bzw. unter Angabe anonymisierter Daten oder eines Pseudonyms gestattet. Bei der Nutzung unserer Internetseite werden generell bestimmte technische Daten gespeichert, die aus organisatorischen und technischen Gr\u00fcnden unerl\u00e4sslich sind (z. B. evtl. Namen der einw\u00e4hlenden Seiten, Datum und Uhrzeit des Zugangs).<\/h6>\n\n\n<figure class=\"wp-block-image\"><img alt=\"\"\/><\/figure>\n","protected":false},"excerpt":{"rendered":"<p>\u00a0 \u00a0 Verpachtet\/Verkauft bis: April 2026 \u00a0 Verkauft: 6 Zimmer: Pension &amp; Risto. &#8220;Pizzeria Cavallino&#8221; (540 m\u00b2) in [ &#8230; ]<\/p>\n","protected":false},"author":1,"featured_media":0,"parent":69,"menu_order":4,"comment_status":"closed","ping_status":"closed","template":"","meta":{"_links_to":"","_links_to_target":""},"_links":{"self":[{"href":"https:\/\/becker-gastro.de\/UB\/wp-json\/wp\/v2\/pages\/67"}],"collection":[{"href":"https:\/\/becker-gastro.de\/UB\/wp-json\/wp\/v2\/pages"}],"about":[{"href":"https:\/\/becker-gastro.de\/UB\/wp-json\/wp\/v2\/types\/page"}],"author":[{"embeddable":true,"href":"https:\/\/becker-gastro.de\/UB\/wp-json\/wp\/v2\/users\/1"}],"replies":[{"embeddable":true,"href":"https:\/\/becker-gastro.de\/UB\/wp-json\/wp\/v2\/comments?post=67"}],"version-history":[{"count":10,"href":"https:\/\/becker-gastro.de\/UB\/wp-json\/wp\/v2\/pages\/67\/revisions"}],"predecessor-version":[{"id":6179,"href":"https:\/\/becker-gastro.de\/UB\/wp-json\/wp\/v2\/pages\/67\/revisions\/6179"}],"up":[{"embeddable":true,"href":"https:\/\/becker-gastro.de\/UB\/wp-json\/wp\/v2\/pages\/69"}],"wp:attachment":[{"href":"https:\/\/becker-gastro.de\/UB\/wp-json\/wp\/v2\/media?parent=67"}],"curies":[{"name":"wp","href":"https:\/\/api.w.org\/{rel}","templated":true}]}}